{"id":2,"date":"2016-11-30T11:59:58","date_gmt":"2016-11-30T10:59:58","guid":{"rendered":"http:\/\/blickfang.de\/ladenbau\/?page_id=2"},"modified":"2020-06-17T15:33:22","modified_gmt":"2020-06-17T13:33:22","slug":"home","status":"publish","type":"page","link":"https:\/\/blickfang.de\/ladenbau\/","title":{"rendered":"Blickfang Ladenbau"},"content":{"rendered":"<p>[vc_row anchor=&#8220;#ueberuns&#8220; min_height=&#8220;100%&#8220; el_id=&#8220;ueberuns&#8220;][vc_column]<div class=\"ult-spacer spacer-69f31b92be775\" data-id=\"69f31b92be775\" data-height=\"30\" data-height-mobile=\"30\" data-height-tab=\"30\" data-height-tab-portrait=\"\" data-height-mobile-landscape=\"\" style=\"clear:both;display:block;\"><\/div>[vc_column_text]<\/p>\n<h2>\u00dcBER UNS<\/h2>\n<p>[\/vc_column_text]<div class=\"ult-spacer spacer-69f31b92be7b3\" data-id=\"69f31b92be7b3\" data-height=\"30\" data-height-mobile=\"30\" data-height-tab=\"30\" data-height-tab-portrait=\"\" data-height-mobile-landscape=\"\" style=\"clear:both;display:block;\"><\/div>[vc_row_inner][vc_column_inner width=&#8220;1\/2&#8243;][vc_column_text]<\/p>\n<h3>BLICKFANG &#8211; nicht nur ein Name, sondern ein Versprechen<\/h3>\n<p>Die Produktion nach h\u00f6chsten Qualit\u00e4tsstandards und die Kommissionierung fertiger Komponenten erfolgen an unserem Standort und Lager in K\u00f6ln. F\u00fcr diese Zweck stehen uns ein umfassender Maschinen- und Fuhrpark sowie 8.000 m\u00b2 Gesamtfl\u00e4che zur Verf\u00fcgung. Neben unserem Hauptsitz in der Domstadt unterhalten wir zus\u00e4tzlich B\u00fcros in Hamburg, Stuttgart und M\u00fcnchen, um auch in Ihrer N\u00e4he unseren pers\u00f6nlichen und optimierten Service anbieten zu k\u00f6nnen.<\/p>\n<p>Das Team von BLICKFANG besteht aus rund 50 festen Mitarbeitern unterschiedlicher Fachrichtungen &#8211; darunter Architekten, Designer, Projektleiter und -manager, Vertriebsexperten, Tischler, Monteure und Lageristen. Bei Bedarf holen wir uns die Unterst\u00fctzung von freien Mitarbeitern aus unserem Netzwerk ein, die sich projektbezogen engagieren.[\/vc_column_text]<div class=\"ult-spacer spacer-69f31b92be7e3\" data-id=\"69f31b92be7e3\" data-height=\"20\" data-height-mobile=\"30\" data-height-tab=\"20\" data-height-tab-portrait=\"30\" data-height-mobile-landscape=\"30\" style=\"clear:both;display:block;\"><\/div>[\/vc_column_inner][vc_column_inner width=&#8220;1\/2&#8243;][vc_column_text]<\/p>\n<h3>Prozessablauf<\/h3>\n<p>[\/vc_column_text]<div class=\"ult-spacer spacer-69f31b92be80c\" data-id=\"69f31b92be80c\" data-height=\"15\" data-height-mobile=\"15\" data-height-tab=\"15\" data-height-tab-portrait=\"\" data-height-mobile-landscape=\"\" style=\"clear:both;display:block;\"><\/div>[vc_progress_bar values=&#8220;%5B%7B%22label%22%3A%22Design%20und%20Konzept%22%2C%22value%22%3A%2220%22%7D%2C%7B%22label%22%3A%22Gesamtangebot%22%2C%22value%22%3A%2240%22%7D%2C%7B%22label%22%3A%22Produktion%20und%20Komissionierung%22%2C%22value%22%3A%2260%22%7D%2C%7B%22label%22%3A%22Transport%20und%20Montage%22%2C%22value%22%3A%2280%22%7D%2C%7B%22label%22%3A%22Fertigstellung%20und%20Abnahme%22%2C%22value%22%3A%22100%22%7D%5D&#8220; el_class=&#8220;cus-stripes&#8220;]<div class=\"ult-spacer spacer-69f31b92be832\" data-id=\"69f31b92be832\" data-height=\"20\" data-height-mobile=\"20\" data-height-tab=\"20\" data-height-tab-portrait=\"\" data-height-mobile-landscape=\"\" style=\"clear:both;display:block;\"><\/div>[\/vc_column_inner][\/vc_row_inner]<div class=\"ult-spacer spacer-69f31b92be85e\" data-id=\"69f31b92be85e\" data-height=\"30\" data-height-mobile=\"10\" data-height-tab=\"30\" data-height-tab-portrait=\"10\" data-height-mobile-landscape=\"10\" style=\"clear:both;display:block;\"><\/div>[vc_column_text]<\/p>\n<h1>BLICKFANG &#8211; Full Service f\u00fcr den Ladenbau<\/h1>\n<p>Ein klares Konzept, individuelles Design, handwerklich perfekte Ausf\u00fchrung &#8211; das sind unsere Pr\u00e4missen f\u00fcr modernen Ladenbau. Die Gestaltung Ihres Point of Sale dient nicht nur der Pr\u00e4sentation und Darstellung der angebotenen Produkte und Dienstleistungen. Das Ambiente soll auch Emotionen wecken und dem Kunden das Gef\u00fchl geben, dass er Ihr Gesch\u00e4ft gar nicht mehr verlassen will. Erst wenn diese Komponenten ein stimmiges Ganzes ergeben, wird Ihr Shop zu einem nachhaltigen und erfolgreichen Imagetr\u00e4ger Ihres Unternehmens.<\/p>\n<p>BLICKFANG denkt und arbeitet ganzheitlich. Unser Team begleitet Sie von Ihrer ersten Anfrage \u00fcber die praktische Realisierung bis hin zur Abnahme der fertigen Einrichtung vor Ort. Auf der Basis Ihres Gesch\u00e4ftsmodells und Ihrer Anforderungen entwickeln wir gemeinsam mit Ihnen ein schl\u00fcssiges Konzept f\u00fcr die Umsetzung inklusive Design und einer transparenten Kostenaufstellung aller Einzelpositionen. Unsere stets offene Kommunikation w\u00e4hrend der gesamten Projektabwicklung gew\u00e4hrleistet, dass Sie jederzeit wissen, was wir tun.<\/p>\n<p>Gestalten Sie mit uns zusammen Ihr neues Ladengesch\u00e4ft als Visitenkarte und Aush\u00e4ngeschild Ihres Unternehmens. Wir geben Ihnen kreative Impulse und liefern individuelle Konzepte f\u00fcr Ihre Verkaufsstrategie. Sie profitieren von unseren lang\u00e4hrigen Erfahrungen in der professionellen Beratung und unserem Know-how in der handwerklichen Ausf\u00fchrung.[\/vc_column_text]<div class=\"ult-spacer spacer-69f31b92be885\" data-id=\"69f31b92be885\" data-height=\"30\" data-height-mobile=\"30\" data-height-tab=\"30\" data-height-tab-portrait=\"\" data-height-mobile-landscape=\"\" style=\"clear:both;display:block;\"><\/div>[rev_slider_vc alias=&#8220;company&#8220;]<div class=\"ult-spacer spacer-69f31b92be8ae\" data-id=\"69f31b92be8ae\" data-height=\"40\" data-height-mobile=\"30\" data-height-tab=\"40\" data-height-tab-portrait=\"40\" data-height-mobile-landscape=\"30\" style=\"clear:both;display:block;\"><\/div>[\/vc_column][\/vc_row][vc_row anchor=&#8220;#referenzen&#8220; min_height=&#8220;100%&#8220; el_id=&#8220;referenzen&#8220;][vc_column]<div class=\"ult-spacer spacer-69f31b92be8d7\" data-id=\"69f31b92be8d7\" data-height=\"40\" data-height-mobile=\"25\" data-height-tab=\"40\" data-height-tab-portrait=\"40\" data-height-mobile-landscape=\"25\" style=\"clear:both;display:block;\"><\/div>[vc_column_text]<\/p>\n<h2>REFERENZEN<\/h2>\n<p>[\/vc_column_text]<div class=\"ult-spacer spacer-69f31b92be8fe\" data-id=\"69f31b92be8fe\" data-height=\"20\" data-height-mobile=\"20\" data-height-tab=\"20\" data-height-tab-portrait=\"20\" data-height-mobile-landscape=\"20\" style=\"clear:both;display:block;\"><\/div>[vc_row_inner el_id=&#8220;cewe&#8220;][vc_column_inner width=&#8220;1\/2&#8243;]<div class=\"ult-spacer spacer-69f31b92be922\" data-id=\"69f31b92be922\" data-height=\"20\" data-height-mobile=\"20\" data-height-tab=\"20\" data-height-tab-portrait=\"\" data-height-mobile-landscape=\"\" style=\"clear:both;display:block;\"><\/div>[vc_column_text]<\/p>\n<h3>CEWE<\/h3>\n<p>[\/vc_column_text]<div class=\"ult-spacer spacer-69f31b92be944\" data-id=\"69f31b92be944\" data-height=\"20\" data-height-mobile=\"20\" data-height-tab=\"20\" data-height-tab-portrait=\"\" data-height-mobile-landscape=\"\" style=\"clear:both;display:block;\"><\/div>[vc_single_image image=&#8220;406&#8243; img_size=&#8220;full&#8220; onclick=&#8220;custom_link&#8220; link=&#8220;https:\/\/blickfang.de\/ladenbau\/projekte\/cewe\/&#8220;]<div class=\"ult-spacer spacer-69f31b92be966\" data-id=\"69f31b92be966\" data-height=\"20\" data-height-mobile=\"20\" data-height-tab=\"20\" data-height-tab-portrait=\"\" data-height-mobile-landscape=\"\" style=\"clear:both;display:block;\"><\/div>[\/vc_column_inner][vc_column_inner width=&#8220;1\/2&#8243;]<div class=\"ult-spacer spacer-69f31b92be987\" data-id=\"69f31b92be987\" data-height=\"70\" data-height-mobile=\"70\" data-height-tab=\"70\" data-height-tab-portrait=\"\" data-height-mobile-landscape=\"\" style=\"clear:both;display:block;\"><\/div>[vc_column_text]Art: Showroom<\/p>\n<p>Die Gestaltung des Showrooms in der Firmenzentrale in Oldenburg stand unter einer besonderen Pr\u00e4misse. Hier soll nicht nur die Produktvielfalt des f\u00fcr seine Fotob\u00fccher bekannten Experten ansprechend ausgestellt werden. Der Raum ist &#8211; baulich bedingt &#8211; auch der Hauptdurchgang f\u00fcr alle Mitarbeiter des Hauses sowie Start und Ziel von Besucherf\u00fchrungen. Diese Aufgabenvielfalt war die Grundlage f\u00fcr die Entwicklung unseres Designkonzepts.<\/p>\n<p>Die Funktion als Showroom wiederum teilt sich noch einmal in verschiedene Zonen &#8211; klassische Fotoprodukte, mobile Welt, Unternehmenshistorie, Wandbilder und aktuelle Angebote. Um all diese Bereiche zu einer harmonischen Einheit zusammenzufassen und trotzdem die vom Kunden gew\u00fcnschte Flexibilit\u00e4t zu gew\u00e4hrleisten, setzten wir auf kubische Elemente als bestimmendes Gestaltungsmerkmal.[\/vc_column_text]<div class=\"ult-spacer spacer-69f31b92be9a6\" data-id=\"69f31b92be9a6\" data-height=\"20\" data-height-mobile=\"20\" data-height-tab=\"20\" data-height-tab-portrait=\"\" data-height-mobile-landscape=\"\" style=\"clear:both;display:block;\"><\/div><a href=\"https:\/\/blickfang.de\/ladenbau\/project\/cewe\/\" class=\"btn-shortcode dt-btn-s dt-btn default-btn-color default-btn-hover-color default-btn-bg-color default-btn-bg-hover-color\" id=\"dt-btn-1\"><i class=\"fa fa-info fa-fw\"><\/i><span>Hier erfahren Sie mehr<\/span><\/a><div class=\"ult-spacer spacer-69f31b92bec3a\" data-id=\"69f31b92bec3a\" data-height=\"20\" data-height-mobile=\"20\" data-height-tab=\"20\" data-height-tab-portrait=\"\" data-height-mobile-landscape=\"\" style=\"clear:both;display:block;\"><\/div>[\/vc_column_inner][\/vc_row_inner][vc_row_inner][vc_column_inner]<div class=\"ult-spacer spacer-69f31b92bec62\" data-id=\"69f31b92bec62\" data-height=\"25\" data-height-mobile=\"25\" data-height-tab=\"25\" data-height-tab-portrait=\"\" data-height-mobile-landscape=\"\" style=\"clear:both;display:block;\"><\/div><div class=\"hr-thin style-line\" style=\"width: 70%;border-color: #ffffff;border-top-width: 1px;\"><\/div><div class=\"ult-spacer spacer-69f31b92becd6\" data-id=\"69f31b92becd6\" data-height=\"30\" data-height-mobile=\"15\" data-height-tab=\"30\" data-height-tab-portrait=\"30\" data-height-mobile-landscape=\"15\" style=\"clear:both;display:block;\"><\/div>[\/vc_column_inner][\/vc_row_inner][vc_row_inner el_id=&#8220;agenturfuerarbeit&#8220;][vc_column_inner width=&#8220;1\/2&#8243;]<div class=\"ult-spacer spacer-69f31b92becf7\" data-id=\"69f31b92becf7\" data-height=\"20\" data-height-mobile=\"20\" data-height-tab=\"20\" data-height-tab-portrait=\"\" data-height-mobile-landscape=\"\" style=\"clear:both;display:block;\"><\/div>[vc_column_text]<\/p>\n<h3>Agentur f\u00fcr Arbeit<\/h3>\n<p>[\/vc_column_text]<div class=\"ult-spacer spacer-69f31b92bed15\" data-id=\"69f31b92bed15\" data-height=\"20\" data-height-mobile=\"20\" data-height-tab=\"20\" data-height-tab-portrait=\"\" data-height-mobile-landscape=\"\" style=\"clear:both;display:block;\"><\/div>[vc_column_text]Art:\u00a0Erlebniswelt<\/p>\n<p>Die Agentur f\u00fcr Arbeit in Frankfurt bescherte uns mit der Neugestaltung des Berufsinformationszentrums MAIN-BIZ einen ganz besonderen Auftrag. Da die Stadt mit dem gr\u00f6\u00dften deutschen Flughafen, ihren internationalen Bahnverbindungen, dem weitl\u00e4ufigen Autobahnnetz und der Binnenschifffahrt einer der bedeutendsten Verkehrsknotenpunkte ist, liegt der Schwerpunkt des BIZ auf Berufssparten der Logistik und Mobilit\u00e4t.<\/p>\n<p>Wir haben das gestalterisch umgesetzt, indem wir Teilmodelle eines Flugzeugs, einer S-Bahn, eines Pkw sowie die R\u00fcckwand eines Lastwagens f\u00fcr eine aktive Nutzung nachgebaut haben. In die S-Bahn wurden Seminarr\u00e4ume integriert, der Flieger bietet mit Originalsesseln und Tischen Gelegenheiten f\u00fcr Einzelgespr\u00e4che oder Beratungen in kleinen Gruppen. Abgerundet wird die Erlebniswelt durch zahlreiche kreative Details.[\/vc_column_text]<div class=\"ult-spacer spacer-69f31b92bed35\" data-id=\"69f31b92bed35\" data-height=\"20\" data-height-mobile=\"20\" data-height-tab=\"20\" data-height-tab-portrait=\"\" data-height-mobile-landscape=\"\" style=\"clear:both;display:block;\"><\/div><a href=\"https:\/\/blickfang.de\/ladenbau\/projekte\/agentur-fuer-arbeit\/\" class=\"btn-shortcode dt-btn-s dt-btn default-btn-color default-btn-hover-color default-btn-bg-color default-btn-bg-hover-color\" id=\"dt-btn-2\"><i class=\"fa fa-info fa-fw\"><\/i><span>Hier erfahren Sie mehr<\/span><\/a><div class=\"ult-spacer spacer-69f31b92bee04\" data-id=\"69f31b92bee04\" data-height=\"20\" data-height-mobile=\"20\" data-height-tab=\"20\" data-height-tab-portrait=\"\" data-height-mobile-landscape=\"\" style=\"clear:both;display:block;\"><\/div>[\/vc_column_inner][vc_column_inner width=&#8220;1\/2&#8243;]<div class=\"ult-spacer spacer-69f31b92bee24\" data-id=\"69f31b92bee24\" data-height=\"80\" data-height-mobile=\"80\" data-height-tab=\"80\" data-height-tab-portrait=\"\" data-height-mobile-landscape=\"\" style=\"clear:both;display:block;\"><\/div>[vc_single_image image=&#8220;404&#8243; img_size=&#8220;full&#8220; onclick=&#8220;custom_link&#8220; link=&#8220;https:\/\/blickfang.de\/ladenbau\/projekte\/agentur-fuer-arbeit\/&#8220;]<div class=\"ult-spacer spacer-69f31b92bee40\" data-id=\"69f31b92bee40\" data-height=\"20\" data-height-mobile=\"20\" data-height-tab=\"20\" data-height-tab-portrait=\"\" data-height-mobile-landscape=\"\" style=\"clear:both;display:block;\"><\/div>[\/vc_column_inner][\/vc_row_inner][vc_row_inner][vc_column_inner]<div class=\"ult-spacer spacer-69f31b92bee5e\" data-id=\"69f31b92bee5e\" data-height=\"25\" data-height-mobile=\"25\" data-height-tab=\"25\" data-height-tab-portrait=\"\" data-height-mobile-landscape=\"\" style=\"clear:both;display:block;\"><\/div><div class=\"hr-thin style-line\" style=\"width: 70%;border-color: #ffffff;border-top-width: 1px;\"><\/div><div class=\"ult-spacer spacer-69f31b92beea6\" data-id=\"69f31b92beea6\" data-height=\"30\" data-height-mobile=\"15\" data-height-tab=\"30\" data-height-tab-portrait=\"30\" data-height-mobile-landscape=\"15\" style=\"clear:both;display:block;\"><\/div>[\/vc_column_inner][\/vc_row_inner][vc_row_inner el_id=&#8220;liftstar&#8220;][vc_column_inner width=&#8220;1\/2&#8243;]<div class=\"ult-spacer spacer-69f31b92beec4\" data-id=\"69f31b92beec4\" data-height=\"20\" data-height-mobile=\"20\" data-height-tab=\"20\" data-height-tab-portrait=\"\" data-height-mobile-landscape=\"\" style=\"clear:both;display:block;\"><\/div>[vc_column_text]<\/p>\n<h3>Liftstar<\/h3>\n<p>[\/vc_column_text]<div class=\"ult-spacer spacer-69f31b92beedf\" data-id=\"69f31b92beedf\" data-height=\"20\" data-height-mobile=\"20\" data-height-tab=\"20\" data-height-tab-portrait=\"\" data-height-mobile-landscape=\"\" style=\"clear:both;display:block;\"><\/div>[vc_single_image image=&#8220;403&#8243; img_size=&#8220;full&#8220; onclick=&#8220;custom_link&#8220; link=&#8220;https:\/\/blickfang.de\/ladenbau\/projekte\/liftstar\/&#8220;]<div class=\"ult-spacer spacer-69f31b92beefb\" data-id=\"69f31b92beefb\" data-height=\"20\" data-height-mobile=\"20\" data-height-tab=\"20\" data-height-tab-portrait=\"\" data-height-mobile-landscape=\"\" style=\"clear:both;display:block;\"><\/div>[\/vc_column_inner][vc_column_inner width=&#8220;1\/2&#8243;]<div class=\"ult-spacer spacer-69f31b92bef15\" data-id=\"69f31b92bef15\" data-height=\"70\" data-height-mobile=\"70\" data-height-tab=\"70\" data-height-tab-portrait=\"\" data-height-mobile-landscape=\"\" style=\"clear:both;display:block;\"><\/div>[vc_column_text]Art: Showroom<\/p>\n<p>Liftstar ist eine Unternehmensgruppe, deren Produkte zur Mobilit\u00e4t und barrierefreiem Wohnen im Alter beitragen. F\u00fcr die neue Niederlassung in Cloppenburg wurde BLICKFANG mit dem Innenausbau beauftragt. Dabei gab es f\u00fcr uns zwei Vorgaben des Kunden zu ber\u00fccksichtigen: Der Raum soll sowohl Showroom und Servicezentrum f\u00fcr Kunden, als auch Anlaufzentrale f\u00fcr die Mitarbeiter aus der Region sein, die sich hier zu Meetings, Schulungen und anderen Gelegenheiten treffen.<\/p>\n<p>Wir haben uns f\u00fcr eine mobile L\u00f6sung mittels einer Trennwand entschieden, die beliebig aufgestellt und abgebaut werden kann. Im Kundenbereich befinden sich Musterlifte und eine Beratungszone, im Mitarbeiterbereich eine variable Bestuhlung und moderne Pr\u00e4sentationstechnik.[\/vc_column_text]<div class=\"ult-spacer spacer-69f31b92bef2e\" data-id=\"69f31b92bef2e\" data-height=\"20\" data-height-mobile=\"20\" data-height-tab=\"20\" data-height-tab-portrait=\"\" data-height-mobile-landscape=\"\" style=\"clear:both;display:block;\"><\/div><a href=\"https:\/\/blickfang.de\/ladenbau\/projekte\/liftstar\/\" class=\"btn-shortcode dt-btn-s dt-btn default-btn-color default-btn-hover-color default-btn-bg-color default-btn-bg-hover-color\" id=\"dt-btn-3\"><i class=\"fa fa-info fa-fw\"><\/i><span>Hier erfahren Sie mehr<\/span><\/a><div class=\"ult-spacer spacer-69f31b92befd2\" data-id=\"69f31b92befd2\" data-height=\"20\" data-height-mobile=\"20\" data-height-tab=\"20\" data-height-tab-portrait=\"\" data-height-mobile-landscape=\"\" style=\"clear:both;display:block;\"><\/div>[\/vc_column_inner][\/vc_row_inner][vc_row_inner][vc_column_inner]<div class=\"ult-spacer spacer-69f31b92befee\" data-id=\"69f31b92befee\" data-height=\"25\" data-height-mobile=\"25\" data-height-tab=\"25\" data-height-tab-portrait=\"\" data-height-mobile-landscape=\"\" style=\"clear:both;display:block;\"><\/div><div class=\"hr-thin style-line\" style=\"width: 70%;border-color: #ffffff;border-top-width: 1px;\"><\/div><div class=\"ult-spacer spacer-69f31b92bf02d\" data-id=\"69f31b92bf02d\" data-height=\"30\" data-height-mobile=\"15\" data-height-tab=\"30\" data-height-tab-portrait=\"30\" data-height-mobile-landscape=\"15\" style=\"clear:both;display:block;\"><\/div>[\/vc_column_inner][\/vc_row_inner][vc_row_inner el_id=&#8220;schwalli&#8220;][vc_column_inner width=&#8220;1\/2&#8243;]<div class=\"ult-spacer spacer-69f31b92bf04b\" data-id=\"69f31b92bf04b\" data-height=\"20\" data-height-mobile=\"20\" data-height-tab=\"20\" data-height-tab-portrait=\"\" data-height-mobile-landscape=\"\" style=\"clear:both;display:block;\"><\/div>[vc_column_text]<\/p>\n<h3>Schwalenst\u00f6cker und Gantz<\/h3>\n<p>[\/vc_column_text]<div class=\"ult-spacer spacer-69f31b92bf062\" data-id=\"69f31b92bf062\" data-height=\"20\" data-height-mobile=\"20\" data-height-tab=\"20\" data-height-tab-portrait=\"\" data-height-mobile-landscape=\"\" style=\"clear:both;display:block;\"><\/div>[vc_column_text]Art:\u00a0C&amp;C Markt<\/p>\n<p>Schwalli &#8211; wie sich das Unternehmen selbst in seiner Au\u00dfendarstellung nennt &#8211; ist ein Feinkostgesch\u00e4ft in Korbach (Hessen) mit einem umfassenden Sortiment f\u00fcr Endverbraucher und gewerbliche Kunden. Neben den Sparten Gro\u00dfhandel f\u00fcr Convenience-Produkte und Gastronomietechnik betreibt Schwalli einen Cash &amp; Carry Markt mit einer Fl\u00e4che von 2.000 m\u00b2, den wir komplett neu gestaltet haben.<\/p>\n<p>Die Herausforderung f\u00fcr uns bestand darin, das entwickelte Konzept St\u00fcck f\u00fcr St\u00fcck bei laufendem Gesch\u00e4ftsbetrieb zu realisieren, ohne die Kunden bei ihren Eink\u00e4ufen zu beeintr\u00e4chtigen. Als L\u00f6sung w\u00e4hlten eine Aufteilung in sieben Sektoren, die dank der perfekten Koordination unserer Projektleitung nach einem exakt eingehaltenen Zeitplan fertiggestellt wurden.[\/vc_column_text]<div class=\"ult-spacer spacer-69f31b92bf078\" data-id=\"69f31b92bf078\" data-height=\"20\" data-height-mobile=\"20\" data-height-tab=\"20\" data-height-tab-portrait=\"\" data-height-mobile-landscape=\"\" style=\"clear:both;display:block;\"><\/div><a href=\"https:\/\/blickfang.de\/ladenbau\/projekte\/schwalli\/\" class=\"btn-shortcode dt-btn-s dt-btn default-btn-color default-btn-hover-color default-btn-bg-color default-btn-bg-hover-color\" id=\"dt-btn-4\"><i class=\"fa fa-info fa-fw\"><\/i><span>Hier erfahren Sie mehr<\/span><\/a><div class=\"ult-spacer spacer-69f31b92bf109\" data-id=\"69f31b92bf109\" data-height=\"20\" data-height-mobile=\"20\" data-height-tab=\"20\" data-height-tab-portrait=\"\" data-height-mobile-landscape=\"\" style=\"clear:both;display:block;\"><\/div>[\/vc_column_inner][vc_column_inner width=&#8220;1\/2&#8243;]<div class=\"ult-spacer spacer-69f31b92bf120\" data-id=\"69f31b92bf120\" data-height=\"80\" data-height-mobile=\"80\" data-height-tab=\"80\" data-height-tab-portrait=\"\" data-height-mobile-landscape=\"\" style=\"clear:both;display:block;\"><\/div>[vc_single_image image=&#8220;405&#8243; img_size=&#8220;full&#8220; onclick=&#8220;custom_link&#8220; link=&#8220;https:\/\/blickfang.de\/ladenbau\/projekte\/schwalli\/&#8220;]<div class=\"ult-spacer spacer-69f31b92bf136\" data-id=\"69f31b92bf136\" data-height=\"20\" data-height-mobile=\"20\" data-height-tab=\"20\" data-height-tab-portrait=\"\" data-height-mobile-landscape=\"\" style=\"clear:both;display:block;\"><\/div>[\/vc_column_inner][\/vc_row_inner][vc_row_inner][vc_column_inner]<div class=\"ult-spacer spacer-69f31b92bf14b\" data-id=\"69f31b92bf14b\" data-height=\"20\" data-height-mobile=\"20\" data-height-tab=\"20\" data-height-tab-portrait=\"\" data-height-mobile-landscape=\"\" style=\"clear:both;display:block;\"><\/div>[\/vc_column_inner][\/vc_row_inner][\/vc_column][\/vc_row][vc_row full_width=&#8220;true&#8220; bg_type=&#8220;bg_color&#8220; bg_color_value=&#8220;#ffffff&#8220;][vc_column][vc_column_text]\r\n\t<style type=\"text\/css\">\r\n\t\t\t\t\t#lcsp_wrapper_503611162 #lcsp_logo_carousel_slider .owl-buttons { position: absolute; right: 0; top: -34px; } \r\n\t\t\t#lcsp_wrapper_503611162 #lcsp_logo_carousel_slider .owl-buttons div { background: #ffffff; border-radius: 2px; margin: 2px; padding: 0; width: 27px; height: 27px; line-height: 20px; font-size: 22px; opacity: 1; color: #ff0000; border: 1px solid #ffffff; z-index: 999; -moz-transition: all 0.3s linear; -o-transition: all 0.3s linear; -webkit-transition: all 0.3s linear; transition: all 0.3s linear; }\r\n\t\t\t\t\t\t\t\t\t#lcsp_wrapper_503611162 .lcsp_logo_container a.lcsp_logo_link, #lcsp_wrapper_503611162 .lcsp_logo_container a.lcsp_logo_link:hover { border: none; }\r\n\t\t\t\t#lcsp_wrapper_503611162 #lcsp_logo_carousel_slider .owl-buttons div:hover { background: #ffffff; color: #ffffff; border: 1px solid #ffffff; }\r\n\t\t#lcsp_wrapper_503611162 h2.lcsp_logo_carousel_slider_title { font-size: 18px; color: #1a181d; }\r\n\t\t#lcsp_wrapper_503611162 h3.lcsp_logo_title { font-size: 14px!important; color: #444!important; }\r\n\t\t#lcsp_wrapper_503611162 h3.lcsp_logo_title:hover { color: #808080!important; }\r\n\t\t.tooltipster-lcsp-566253823 { border-radius: 3px; color: #1a181d!important; background-color: transparent!important; }\r\n\t\t.tooltipster-lcsp-566253823 .tooltipster-content { font-family: Arial, sans-serif; font-size: 14px; line-height: 16px; padding: 8px 12px; font-size: 14px!important; }\r\n\t\t#lcsp_wrapper_503611162 #lcsp_logo_carousel_slider .owl-controls .owl-page span { background: #660000!important; }\r\n\t\t#lcsp_wrapper_503611162 #lcsp_logo_carousel_slider .owl-controls .owl-page span.owl-numbers { background: #660000!important; }\r\n\t<\/style>\r\n\r\n\t<div id=\"lcsp_wrapper_503611162\">\r\n\r\n\t\t\r\n\t\t<div id=\"lcsp_logo_carousel_slider\" class=\"owl-carousel lcsp_logo_carousel_slider_503611162\">\r\n\t\t    \t\t        \t        \t<div class=\"lcsp_logo_container\">\r\n\t        \t  \t\t            <a class=\"lcsp_logo_link not_active\">\r\n\t\t            \t<img decoding=\"async\" src=\"https:\/\/blickfang.de\/ladenbau\/wp-content\/uploads\/sites\/7\/2017\/02\/Deutsche-Post-Logo-185x119.jpg\" alt=\"\" class=\"lcsp_tooltip_566253823\"  \/>\t\t            <\/a>\r\n\t\t          \t\t          \t            <\/div> \t            \r\n\t\t    \t\t        \t        \t<div class=\"lcsp_logo_container\">\r\n\t        \t  \t\t            <a class=\"lcsp_logo_link not_active\">\r\n\t\t            \t<img decoding=\"async\" src=\"https:\/\/blickfang.de\/ladenbau\/wp-content\/uploads\/sites\/7\/2017\/02\/GS1_Logo-185x119.jpg\" alt=\"\" class=\"lcsp_tooltip_566253823\"  \/>\t\t            <\/a>\r\n\t\t          \t\t          \t            <\/div> \t            \r\n\t\t    \t\t        \t        \t<div class=\"lcsp_logo_container\">\r\n\t        \t  \t\t            <a class=\"lcsp_logo_link not_active\">\r\n\t\t            \t<img decoding=\"async\" src=\"https:\/\/blickfang.de\/ladenbau\/wp-content\/uploads\/sites\/7\/2017\/02\/Cewe-Logo-185x119.jpg\" alt=\"\" class=\"lcsp_tooltip_566253823\"  \/>\t\t            <\/a>\r\n\t\t          \t\t          \t            <\/div> \t            \r\n\t\t    \t\t        \t        \t<div class=\"lcsp_logo_container\">\r\n\t        \t  \t\t            <a class=\"lcsp_logo_link not_active\">\r\n\t\t            \t<img decoding=\"async\" src=\"https:\/\/blickfang.de\/ladenbau\/wp-content\/uploads\/sites\/7\/2017\/02\/liftstar_logo-185x119.jpg\" alt=\"\" class=\"lcsp_tooltip_566253823\"  \/>\t\t            <\/a>\r\n\t\t          \t\t          \t            <\/div> \t            \r\n\t\t    \t\t        \t        \t<div class=\"lcsp_logo_container\">\r\n\t        \t  \t\t            <a class=\"lcsp_logo_link not_active\">\r\n\t\t            \t<img decoding=\"async\" src=\"https:\/\/blickfang.de\/ladenbau\/wp-content\/uploads\/sites\/7\/2017\/02\/Bundesagentur_f\u00fcr_Arbeit-Logo-185x119.jpg\" alt=\"\" class=\"lcsp_tooltip_566253823\"  \/>\t\t            <\/a>\r\n\t\t          \t\t          \t            <\/div> \t            \r\n\t\t    \t\t        \t        \t<div class=\"lcsp_logo_container\">\r\n\t        \t  \t\t            <a class=\"lcsp_logo_link not_active\">\r\n\t\t            \t<img decoding=\"async\" src=\"https:\/\/blickfang.de\/ladenbau\/wp-content\/uploads\/sites\/7\/2017\/02\/Schwalli-Logo-185x119.jpg\" alt=\"\" class=\"lcsp_tooltip_566253823\"  \/>\t\t            <\/a>\r\n\t\t          \t\t          \t            <\/div> \t            \r\n\t\t    \t\t        \t        \t<div class=\"lcsp_logo_container\">\r\n\t        \t  \t\t            <a class=\"lcsp_logo_link not_active\">\r\n\t\t            \t<img decoding=\"async\" src=\"https:\/\/blickfang.de\/ladenbau\/wp-content\/uploads\/sites\/7\/2017\/02\/Bundesagentur_f\u00fcr_Arbeit-Logo-185x119.jpg\" alt=\"\" class=\"lcsp_tooltip_566253823\"  \/>\t\t            <\/a>\r\n\t\t          \t\t          \t            <\/div> \t            \r\n\t\t    \t\t        \t        \t<div class=\"lcsp_logo_container\">\r\n\t        \t  \t\t            <a class=\"lcsp_logo_link not_active\">\r\n\t\t            \t<img decoding=\"async\" src=\"https:\/\/blickfang.de\/ladenbau\/wp-content\/uploads\/sites\/7\/2017\/02\/Philips-logo-185x119.jpg\" alt=\"\" class=\"lcsp_tooltip_566253823\"title=\"Philips\"  \/>\t\t            <\/a>\r\n\t\t          \t\t          \t            <\/div> \t            \r\n\t\t    \t\t    \t\t<\/div> <!-- End lcsp_logo_carousel_slider -->\r\n\t<\/div> <!-- End lcsp_wrapper -->\r\n\r\n\r\n\t<script type=\"text\/javascript\">\r\n\t\tjQuery(document).ready(function($) {\r\n\t\t  jQuery(\".lcsp_logo_carousel_slider_503611162\").owlCarousel({\r\n\t\t\t\tautoPlay: false, \r\n\t\t\t\titems : 5,\r\n\t\t\t\titemsDesktop: [1199,4],\r\n\t\t\t\titemsTablet : [768,3],\r\n\t\t\t\titemsMobile : [479,2],\r\n\t\t\t\tslideSpeed : 800,\t\t\t\t\r\n\t\t\t\tstopOnHover : false,\r\n\t\t\t\tpagination : false,\r\n\t\t\t\tpaginationNumbers: false,\r\n\t\t\t\tscrollPerPage: false,\r\n\t\t\t\tnavigation : true,\r\n\t\t\t\tnavigationText : [\"\u2039\",\"\u203a\"],\t\t\r\n\t\t\t\t\r\n\t\t  });\r\n\t\t  jQuery(\".lcsp_tooltip_566253823\").tooltipster({\r\n\t\t\t   theme: \"tooltipster-lcsp-566253823\",\r\n\t\t\t   animation: \"grow\",\r\n\t\t\t   delay: 200,\r\n\t\t\t   trigger: \"hover\"\r\n\t\t  });\r\n\t\t});\r\n\t<\/script>[\/vc_column_text][\/vc_column][\/vc_row][vc_row margin_top=&#8220;50&#8243; margin_bottom=&#8220;50&#8243; anchor=&#8220;kontakt&#8220; el_id=&#8220;kontakt&#8220; css=&#8220;.vc_custom_1592400799394{margin-bottom: 50px !important;}&#8220;][vc_column]<div class=\"ult-spacer spacer-69f31b92ce4a9\" data-id=\"69f31b92ce4a9\" data-height=\"40\" data-height-mobile=\"25\" data-height-tab=\"40\" data-height-tab-portrait=\"40\" data-height-mobile-landscape=\"25\" style=\"clear:both;display:block;\"><\/div>[vc_column_text]<\/p>\n<h2>KONTAKT<\/h2>\n<p>[\/vc_column_text]<div class=\"ult-spacer spacer-69f31b92ce4ce\" data-id=\"69f31b92ce4ce\" data-height=\"30\" data-height-mobile=\"30\" data-height-tab=\"30\" data-height-tab-portrait=\"\" data-height-mobile-landscape=\"\" style=\"clear:both;display:block;\"><\/div>[\/vc_column][\/vc_row][vc_row][vc_column width=&#8220;1\/4&#8243;][vc_single_image image=&#8220;45&#8243; img_size=&#8220;full&#8220; onclick=&#8220;custom_link&#8220; css_animation=&#8220;fadeIn&#8220; image_hovers=&#8220;false&#8220; link=&#8220;mailto:koeln@blickfang.de&#8220;]<div class=\"ult-spacer spacer-69f31b92ce4e5\" data-id=\"69f31b92ce4e5\" data-height=\"20\" data-height-mobile=\"20\" data-height-tab=\"20\" data-height-tab-portrait=\"\" data-height-mobile-landscape=\"\" style=\"clear:both;display:block;\"><\/div>[\/vc_column][vc_column width=&#8220;3\/4&#8243;][vc_row_inner][vc_column_inner width=&#8220;1\/2&#8243;][vc_column_text]<\/p>\n<h3>Ihr Ansprechpartner<\/h3>\n<div class=\"team-container\">\n<div class=\"team-desc\">\n<div class=\"team-author\" style=\"text-align: left;\">\n<div class=\"team-author-name\">Patrick Esser<\/div>\n<div class=\"gap\" style=\"line-height: 10px; height: 10px;\"><\/div>\n<\/div>\n<div class=\"team-content\" style=\"text-align: left;\">\n<p>Waltherstra\u00dfe 78<\/p>\n<p>D-51069 K\u00f6ln<\/p>\n<p>T: +49(0)221-969791-0<\/p>\n<p>F: +49(0)221-969791-10<\/p>\n<p><a style=\"color: white;\" href=\"mailto:koeln@blickfang.de\">koeln@blickfang.de<\/a><\/p>\n<\/div>\n<div class=\"soc-ico\" style=\"text-align: left;\"><\/div>\n<\/div>\n<\/div>\n<p>[\/vc_column_text]<div class=\"ult-spacer spacer-69f31b92ce4f7\" data-id=\"69f31b92ce4f7\" data-height=\"20\" data-height-mobile=\"20\" data-height-tab=\"20\" data-height-tab-portrait=\"\" data-height-mobile-landscape=\"\" style=\"clear:both;display:block;\"><\/div>[\/vc_column_inner][vc_column_inner width=&#8220;1\/2&#8243;][vc_column_text]<\/p>\n<h3>Warum BLICKFANG?<\/h3>\n<p>[\/vc_column_text]<div class=\"ult-spacer spacer-69f31b92ce509\" data-id=\"69f31b92ce509\" data-height=\"20\" data-height-mobile=\"20\" data-height-tab=\"20\" data-height-tab-portrait=\"\" data-height-mobile-landscape=\"\" style=\"clear:both;display:block;\"><\/div>[vc_column_text]\u2714 Eigene Produktion<\/p>\n<p>\u2714 Design und Konzepterstellung<\/p>\n<p>\u2714 Lager und Kommissionsfl\u00e4che von 8.000m\u00b2<\/p>\n<p>\u2714 Maschinen- und Fahrzeugpark<\/p>\n<p>\u2714 50 Mitarbeiter<\/p>\n<p>\u2714\u00a0Vertriebsb\u00fcros in K\u00f6ln, Hamburg, Stuttgart und M\u00fcnchen[\/vc_column_text]<div class=\"ult-spacer spacer-69f31b92ce51b\" data-id=\"69f31b92ce51b\" data-height=\"20\" data-height-mobile=\"20\" data-height-tab=\"20\" data-height-tab-portrait=\"\" data-height-mobile-landscape=\"\" style=\"clear:both;display:block;\"><\/div>[\/vc_column_inner][\/vc_row_inner][\/vc_column][\/vc_row][vc_row][vc_column]<div class=\"ult-spacer spacer-69f31b92ce52f\" data-id=\"69f31b92ce52f\" data-height=\"25\" data-height-mobile=\"25\" data-height-tab=\"25\" data-height-tab-portrait=\"\" data-height-mobile-landscape=\"\" style=\"clear:both;display:block;\"><\/div><div class=\"hr-thin style-line\" style=\"width: 70%;border-color: #ffffff;border-top-width: 1px;\"><\/div><div class=\"ult-spacer spacer-69f31b92ce568\" data-id=\"69f31b92ce568\" data-height=\"50\" data-height-mobile=\"35\" data-height-tab=\"50\" data-height-tab-portrait=\"35\" data-height-mobile-landscape=\"35\" style=\"clear:both;display:block;\"><\/div>[\/vc_column][\/vc_row][vc_row anchor=&#8220;#kontaktformular&#8220;][vc_column width=&#8220;1\/2&#8243;][vc_column_text]<\/p>\n<h3>Kontaktformular<\/h3>\n<p>[\/vc_column_text]<div class=\"ult-spacer spacer-69f31b92ce57b\" data-id=\"69f31b92ce57b\" data-height=\"20\" data-height-mobile=\"20\" data-height-tab=\"20\" data-height-tab-portrait=\"\" data-height-mobile-landscape=\"\" style=\"clear:both;display:block;\"><\/div>\n<div class=\"wpcf7 no-js\" id=\"wpcf7-f25-o1\" lang=\"de-DE\" dir=\"ltr\" data-wpcf7-id=\"25\">\n<div class=\"screen-reader-response\"><p role=\"status\" aria-live=\"polite\" aria-atomic=\"true\"><\/p> <ul><\/ul><\/div>\n<form action=\"\/ladenbau\/wp-json\/wp\/v2\/pages\/2#wpcf7-f25-o1\" method=\"post\" class=\"wpcf7-form init wpcf7-acceptance-as-validation\" aria-label=\"Kontaktformular\" novalidate=\"novalidate\" data-status=\"init\">\n<fieldset class=\"hidden-fields-container\"><input type=\"hidden\" name=\"_wpcf7\" value=\"25\" \/><input type=\"hidden\" name=\"_wpcf7_version\" value=\"6.1.5\" \/><input type=\"hidden\" name=\"_wpcf7_locale\" value=\"de_DE\" \/><input type=\"hidden\" name=\"_wpcf7_unit_tag\" value=\"wpcf7-f25-o1\" \/><input type=\"hidden\" name=\"_wpcf7_container_post\" value=\"0\" \/><input type=\"hidden\" name=\"_wpcf7_posted_data_hash\" value=\"\" \/>\n<\/fieldset>\n<p>Ihr Name *\n<\/p>\n<p><span class=\"wpcf7-form-control-wrap\" data-name=\"your-name\"><input size=\"40\" maxlength=\"400\" class=\"wpcf7-form-control wpcf7-text wpcf7-validates-as-required\" aria-required=\"true\" aria-invalid=\"false\" value=\"\" type=\"text\" name=\"your-name\" \/><\/span>\n<\/p>\n<p>Ihre E-Mail-Adresse *\n<\/p>\n<p><span class=\"wpcf7-form-control-wrap\" data-name=\"your-email\"><input size=\"40\" maxlength=\"400\" class=\"wpcf7-form-control wpcf7-email wpcf7-validates-as-required wpcf7-text wpcf7-validates-as-email\" aria-required=\"true\" aria-invalid=\"false\" value=\"\" type=\"email\" name=\"your-email\" \/><\/span>\n<\/p>\n<p>Telefonnummer *\n<\/p>\n<p><span class=\"wpcf7-form-control-wrap\" data-name=\"tel-602\"><input size=\"40\" maxlength=\"400\" class=\"wpcf7-form-control wpcf7-tel wpcf7-validates-as-required wpcf7-text wpcf7-validates-as-tel\" aria-required=\"true\" aria-invalid=\"false\" value=\"\" type=\"tel\" name=\"tel-602\" \/><\/span>\n<\/p>\n<p>Firma *\n<\/p>\n<p><span class=\"wpcf7-form-control-wrap\" data-name=\"company\"><input size=\"40\" maxlength=\"400\" class=\"wpcf7-form-control wpcf7-text wpcf7-validates-as-required\" aria-required=\"true\" aria-invalid=\"false\" value=\"\" type=\"text\" name=\"company\" \/><\/span>\n<\/p>\n<p>Ihre Nachricht\n<\/p>\n<p><span class=\"wpcf7-form-control-wrap\" data-name=\"your-message\"><textarea cols=\"40\" rows=\"10\" maxlength=\"2000\" class=\"wpcf7-form-control wpcf7-textarea\" aria-invalid=\"false\" name=\"your-message\"><\/textarea><\/span>\n<\/p>\n<p>Achtung: Das Plugin <a href=\"https:\/\/wordpress.org\/plugins\/really-simple-captcha\/\">Really Simple CAPTCHA<\/a> ist gerade nicht aktiv.\n<\/p>\n<p>Bitte Sicherheitscode \u00fcbertragen\n<\/p>\n<p><span class=\"wpcf7-form-control-wrap\" data-name=\"captcha-820\"><input size=\"4\" maxlength=\"4\" class=\"wpcf7-form-control wpcf7-captchar\" autocomplete=\"off\" aria-invalid=\"false\" value=\"\" type=\"text\" name=\"captcha-820\" \/><\/span>\n<\/p>\n<p><span class=\"wpcf7-form-control-wrap\" data-name=\"datenschutz\"><span class=\"wpcf7-form-control wpcf7-acceptance\"><span class=\"wpcf7-list-item\"><input type=\"checkbox\" name=\"datenschutz\" value=\"1\" aria-invalid=\"false\" \/><\/span><\/span><\/span> Ich bin damit einverstanden, dass die Blickfang GmbH meine Daten f\u00fcr eine Kontaktaufnahme elektronisch verarbeitet und unter Ber\u00fccksichtigung des <a href=\"https:\/\/blickfang.de\/datenschutz\/\" target=\"_blank\">Datenschutzes<\/a> speichert. Die Daten werden nicht an Dritte weitergegeben. Diese Einwilligung kann jederzeit f\u00fcr die Zukunft widerrufen werden.\n<\/p>\n<p><input class=\"wpcf7-form-control wpcf7-submit has-spinner\" type=\"submit\" value=\"Senden\" \/>\n<\/p>\n<p class=cus-hidden><br \/>\n<span class=\"wpcf7-form-control-wrap\" data-name=\"your-subject\"><input size=\"40\" maxlength=\"400\" class=\"wpcf7-form-control wpcf7-text\" aria-invalid=\"false\" value=\"Kontaktformular www.blickfang.de\" type=\"text\" name=\"your-subject\" \/><\/span>\n<\/p><input type='hidden' class='wpcf7-pum' value='{\"closepopup\":false,\"closedelay\":0,\"openpopup\":false,\"openpopup_id\":0}' \/><div class=\"wpcf7-response-output\" aria-hidden=\"true\"><\/div>\n<\/form>\n<\/div>\n<div class=\"ult-spacer spacer-69f31b92d160e\" data-id=\"69f31b92d160e\" data-height=\"20\" data-height-mobile=\"20\" data-height-tab=\"20\" data-height-tab-portrait=\"\" data-height-mobile-landscape=\"\" style=\"clear:both;display:block;\"><\/div>[\/vc_column][vc_column width=&#8220;1\/2&#8243;][vc_column_text]<\/p>\n<h3>Anfahrt<\/h3>\n<p>[\/vc_column_text]<div class=\"ult-spacer spacer-69f31b92d1629\" data-id=\"69f31b92d1629\" data-height=\"40\" data-height-mobile=\"40\" data-height-tab=\"40\" data-height-tab-portrait=\"\" data-height-mobile-landscape=\"\" style=\"clear:both;display:block;\"><\/div>[vc_gmaps link=&#8220;#E-8_JTNDaWZyYW1lJTIwc3JjJTNEJTIyaHR0cHMlM0ElMkYlMkZtYXBzLmdvb2dsZS5kZSUyRm1hcHMlM0ZobCUzRGRlJTI2cSUzRFdhbHRoZXJzdHJhJUMzJTlGZSUyMDc4JTIwSyVDMyVCNmxuJTJCJTI4QmxpY2tmYW5nJTIwTWVzc2ViYXUlMjBHbWJIJTIwSyVDMyVCNmxuJTI5JTI2aWUlM0RVVEY4JTI2dCUzRGslMjZ6JTNEMTglMjZpd2xvYyUzREIlMjZvdXRwdXQlM0RlbWJlZCUyMiUyMHdpZHRoJTNEJTIyNjAwJTIyJTIwaGVpZ2h0JTNEJTIyNDUwJTIyJTIwZnJhbWVib3JkZXIlM0QlMjIwJTIyJTIwc3R5bGUlM0QlMjJib3JkZXIlM0EwJTIyJTNFJTNDJTJGaWZyYW1lJTNF&#8220; size=&#8220;590&#8243;]<div class=\"ult-spacer spacer-69f31b92d163b\" data-id=\"69f31b92d163b\" data-height=\"20\" data-height-mobile=\"20\" data-height-tab=\"20\" data-height-tab-portrait=\"\" data-height-mobile-landscape=\"\" style=\"clear:both;display:block;\"><\/div>[\/vc_column][\/vc_row]<\/p>\n","protected":false},"excerpt":{"rendered":"<p>[vc_row anchor=&#8220;#ueberuns&#8220; min_height=&#8220;100%&#8220; el_id=&#8220;ueberuns&#8220;][vc_column][vc_column_text] \u00dcBER UNS [\/vc_column_text][vc_row_inner][vc_column_inner width=&#8220;1\/2&#8243;][vc_column_text] BLICKFANG &#8211; nicht nur ein Name, sondern ein Versprechen Die Produktion nach h\u00f6chsten Qualit\u00e4tsstandards und die Kommissionierung fertiger Komponenten erfolgen an unserem Standort und Lager in K\u00f6ln. F\u00fcr diese Zweck stehen uns ein umfassender Maschinen- und Fuhrpark sowie 8.000 m\u00b2 Gesamtfl\u00e4che zur Verf\u00fcgung. Neben unserem Hauptsitz in&hellip;<\/p>\n","protected":false},"author":2,"featured_media":0,"parent":0,"menu_order":0,"comment_status":"closed","ping_status":"closed","template":"template-microsite.php","meta":{"cybocfi_hide_featured_image":"","footnotes":""},"class_list":["post-2","page","type-page","status-publish","hentry","description-off"],"yoast_head":"<!-- This site is optimized with the Yoast SEO plugin v25.5 - https:\/\/yoast.com\/wordpress\/plugins\/seo\/ -->\n<title>Blickfang Ladenbau - Blickfang Shopkonzepte<\/title>\n<meta name=\"robots\" content=\"index, follow, max-snippet:-1, max-image-preview:large, max-video-preview:-1\" \/>\n<link rel=\"canonical\" href=\"https:\/\/blickfang.de\/ladenbau\/\" \/>\n<meta property=\"og:locale\" content=\"de_DE\" \/>\n<meta property=\"og:type\" content=\"article\" \/>\n<meta property=\"og:title\" content=\"Blickfang Ladenbau - Blickfang Shopkonzepte\" \/>\n<meta property=\"og:description\" content=\"[vc_row anchor=&#8220;#ueberuns&#8220; min_height=&#8220;100%&#8220; el_id=&#8220;ueberuns&#8220;][vc_column][vc_column_text] \u00dcBER UNS [\/vc_column_text][vc_row_inner][vc_column_inner width=&#8220;1\/2&#8243;][vc_column_text] BLICKFANG &#8211; nicht nur ein Name, sondern ein Versprechen Die Produktion nach h\u00f6chsten Qualit\u00e4tsstandards und die Kommissionierung fertiger Komponenten erfolgen an unserem Standort und Lager in K\u00f6ln. F\u00fcr diese Zweck stehen uns ein umfassender Maschinen- und Fuhrpark sowie 8.000 m\u00b2 Gesamtfl\u00e4che zur Verf\u00fcgung. Neben unserem Hauptsitz in&hellip;\" \/>\n<meta property=\"og:url\" content=\"https:\/\/blickfang.de\/ladenbau\/\" \/>\n<meta property=\"og:site_name\" content=\"Blickfang Shopkonzepte\" \/>\n<meta property=\"article:modified_time\" content=\"2020-06-17T13:33:22+00:00\" \/>\n<meta name=\"twitter:label1\" content=\"Gesch\u00e4tzte Lesezeit\" \/>\n\t<meta name=\"twitter:data1\" content=\"10\u00a0Minuten\" \/>\n<script type=\"application\/ld+json\" class=\"yoast-schema-graph\">{\"@context\":\"https:\/\/schema.org\",\"@graph\":[{\"@type\":\"WebPage\",\"@id\":\"https:\/\/blickfang.de\/ladenbau\/\",\"url\":\"https:\/\/blickfang.de\/ladenbau\/\",\"name\":\"Blickfang Ladenbau - Blickfang Shopkonzepte\",\"isPartOf\":{\"@id\":\"https:\/\/blickfang.de\/ladenbau\/#website\"},\"datePublished\":\"2016-11-30T10:59:58+00:00\",\"dateModified\":\"2020-06-17T13:33:22+00:00\",\"breadcrumb\":{\"@id\":\"https:\/\/blickfang.de\/ladenbau\/#breadcrumb\"},\"inLanguage\":\"de\",\"potentialAction\":[{\"@type\":\"ReadAction\",\"target\":[\"https:\/\/blickfang.de\/ladenbau\/\"]}]},{\"@type\":\"BreadcrumbList\",\"@id\":\"https:\/\/blickfang.de\/ladenbau\/#breadcrumb\",\"itemListElement\":[{\"@type\":\"ListItem\",\"position\":1,\"name\":\"Home\",\"item\":\"https:\/\/blickfang.de\/ladenbau\/\"},{\"@type\":\"ListItem\",\"position\":2,\"name\":\"Blickfang Ladenbau\"}]},{\"@type\":\"WebSite\",\"@id\":\"https:\/\/blickfang.de\/ladenbau\/#website\",\"url\":\"https:\/\/blickfang.de\/ladenbau\/\",\"name\":\"Blickfang Shopkonzepte\",\"description\":\"\",\"potentialAction\":[{\"@type\":\"SearchAction\",\"target\":{\"@type\":\"EntryPoint\",\"urlTemplate\":\"https:\/\/blickfang.de\/ladenbau\/?s={search_term_string}\"},\"query-input\":{\"@type\":\"PropertyValueSpecification\",\"valueRequired\":true,\"valueName\":\"search_term_string\"}}],\"inLanguage\":\"de\"}]}<\/script>\n<!-- \/ Yoast SEO plugin. -->","yoast_head_json":{"title":"Blickfang Ladenbau - Blickfang Shopkonzepte","robots":{"index":"index","follow":"follow","max-snippet":"max-snippet:-1","max-image-preview":"max-image-preview:large","max-video-preview":"max-video-preview:-1"},"canonical":"https:\/\/blickfang.de\/ladenbau\/","og_locale":"de_DE","og_type":"article","og_title":"Blickfang Ladenbau - Blickfang Shopkonzepte","og_description":"[vc_row anchor=&#8220;#ueberuns&#8220; min_height=&#8220;100%&#8220; el_id=&#8220;ueberuns&#8220;][vc_column][vc_column_text] \u00dcBER UNS [\/vc_column_text][vc_row_inner][vc_column_inner width=&#8220;1\/2&#8243;][vc_column_text] BLICKFANG &#8211; nicht nur ein Name, sondern ein Versprechen Die Produktion nach h\u00f6chsten Qualit\u00e4tsstandards und die Kommissionierung fertiger Komponenten erfolgen an unserem Standort und Lager in K\u00f6ln. F\u00fcr diese Zweck stehen uns ein umfassender Maschinen- und Fuhrpark sowie 8.000 m\u00b2 Gesamtfl\u00e4che zur Verf\u00fcgung. Neben unserem Hauptsitz in&hellip;","og_url":"https:\/\/blickfang.de\/ladenbau\/","og_site_name":"Blickfang Shopkonzepte","article_modified_time":"2020-06-17T13:33:22+00:00","twitter_misc":{"Gesch\u00e4tzte Lesezeit":"10\u00a0Minuten"},"schema":{"@context":"https:\/\/schema.org","@graph":[{"@type":"WebPage","@id":"https:\/\/blickfang.de\/ladenbau\/","url":"https:\/\/blickfang.de\/ladenbau\/","name":"Blickfang Ladenbau - Blickfang Shopkonzepte","isPartOf":{"@id":"https:\/\/blickfang.de\/ladenbau\/#website"},"datePublished":"2016-11-30T10:59:58+00:00","dateModified":"2020-06-17T13:33:22+00:00","breadcrumb":{"@id":"https:\/\/blickfang.de\/ladenbau\/#breadcrumb"},"inLanguage":"de","potentialAction":[{"@type":"ReadAction","target":["https:\/\/blickfang.de\/ladenbau\/"]}]},{"@type":"BreadcrumbList","@id":"https:\/\/blickfang.de\/ladenbau\/#breadcrumb","itemListElement":[{"@type":"ListItem","position":1,"name":"Home","item":"https:\/\/blickfang.de\/ladenbau\/"},{"@type":"ListItem","position":2,"name":"Blickfang Ladenbau"}]},{"@type":"WebSite","@id":"https:\/\/blickfang.de\/ladenbau\/#website","url":"https:\/\/blickfang.de\/ladenbau\/","name":"Blickfang Shopkonzepte","description":"","potentialAction":[{"@type":"SearchAction","target":{"@type":"EntryPoint","urlTemplate":"https:\/\/blickfang.de\/ladenbau\/?s={search_term_string}"},"query-input":{"@type":"PropertyValueSpecification","valueRequired":true,"valueName":"search_term_string"}}],"inLanguage":"de"}]}},"_links":{"self":[{"href":"https:\/\/blickfang.de\/ladenbau\/wp-json\/wp\/v2\/pages\/2","targetHints":{"allow":["GET"]}}],"collection":[{"href":"https:\/\/blickfang.de\/ladenbau\/wp-json\/wp\/v2\/pages"}],"about":[{"href":"https:\/\/blickfang.de\/ladenbau\/wp-json\/wp\/v2\/types\/page"}],"author":[{"embeddable":true,"href":"https:\/\/blickfang.de\/ladenbau\/wp-json\/wp\/v2\/users\/2"}],"replies":[{"embeddable":true,"href":"https:\/\/blickfang.de\/ladenbau\/wp-json\/wp\/v2\/comments?post=2"}],"version-history":[{"count":109,"href":"https:\/\/blickfang.de\/ladenbau\/wp-json\/wp\/v2\/pages\/2\/revisions"}],"predecessor-version":[{"id":427,"href":"https:\/\/blickfang.de\/ladenbau\/wp-json\/wp\/v2\/pages\/2\/revisions\/427"}],"wp:attachment":[{"href":"https:\/\/blickfang.de\/ladenbau\/wp-json\/wp\/v2\/media?parent=2"}],"curies":[{"name":"wp","href":"https:\/\/api.w.org\/{rel}","templated":true}]}}