{"id":218,"date":"2017-01-27T17:32:36","date_gmt":"2017-01-27T16:32:36","guid":{"rendered":"http:\/\/blickfang.de\/ladenbau\/?post_type=dt_portfolio&#038;p=218"},"modified":"2017-03-04T11:25:23","modified_gmt":"2017-03-04T10:25:23","slug":"liftstar","status":"publish","type":"dt_portfolio","link":"https:\/\/blickfang.de\/ladenbau\/project\/liftstar\/","title":{"rendered":"LIFTSTAR"},"content":{"rendered":"<p>[vc_row][vc_column]<div class=\"dt-fancy-separator title-left h1-size accent-title-color\" style=\"width: 100%;\"><div class=\"dt-fancy-title\"><span class=\"separator-holder separator-left\"><\/span>Liftstar<span class=\"separator-holder separator-right\"><\/span><\/div><\/div><div class=\"ult-spacer spacer-69f0fe09bbed8\" data-id=\"69f0fe09bbed8\" data-height=\"40\" data-height-mobile=\"40\" data-height-tab=\"40\" data-height-tab-portrait=\"\" data-height-mobile-landscape=\"\" style=\"clear:both;display:block;\"><\/div>[vc_column_text]Art:\u00a0Showroom[\/vc_column_text][vc_empty_space height=&#8220;20px&#8220;][vc_single_image image=&#8220;226&#8243; img_size=&#8220;full&#8220; alignment=&#8220;center&#8220;][vc_empty_space height=&#8220;20px&#8220;][\/vc_column][vc_column][\/vc_column][\/vc_row][vc_row][vc_column width=&#8220;1\/2&#8243;][vc_column_text]<\/p>\n<h3><span style=\"text-decoration: underline;\">Wohnlicher Showroom und Mitarbeiterzentrum in Cloppenburg<\/span><\/h3>\n<p>F\u00fcr die Niederlassung in Cloppenburg, mit der unter anderem die Bekanntheit der Marke gesteigert werden soll, \u00fcbernahm Blickfang die Gestaltung der neuen R\u00e4ume.<br \/>\nUnser Auftrag dabei war ein doppelter: Unmittelbar nach der umfangreichen Sanierung des Geb\u00e4udes in Cloppenburg sollte sowohl ein Servicezentrum und Showroom entstehen, in dem neue Kunden beraten werden und auch ausgiebig die verschiedenen Treppenlift-Modelle testen k\u00f6nnen. Gleichzeitig galt es, f\u00fcr die Mitarbeiter aus der Zielregion Cloppenburg einen Raum f\u00fcr Schulungen, Meetings und andere Gelegenheiten zu schaffen, der modernen Anforderungen entspricht.[\/vc_column_text][\/vc_column][vc_column width=&#8220;1\/2&#8243;][vc_single_image image=&#8220;227&#8243; img_size=&#8220;full&#8220; alignment=&#8220;center&#8220; onclick=&#8220;link_image&#8220;][vc_empty_space height=&#8220;20px&#8220;][\/vc_column][\/vc_row][vc_row][vc_column width=&#8220;1\/2&#8243;][vc_single_image image=&#8220;290&#8243; img_size=&#8220;full&#8220; alignment=&#8220;center&#8220; onclick=&#8220;link_image&#8220;][vc_empty_space height=&#8220;20px&#8220;][\/vc_column][vc_column width=&#8220;1\/2&#8243;][vc_column_text]<\/p>\n<h3><span style=\"text-decoration: underline;\">\u00dcber den Kunden<\/span><\/h3>\n<p>Die Liftstar Gruppe ist ein Zusammenschluss mehrerer mittelst\u00e4ndischer Unternehmen, die es sich zum Ziel gesetzt haben, Menschen in jeder Phase ein H\u00f6chstma\u00df an Lebensqualit\u00e4t zu bieten.<br \/>\nDer Hersteller will mit seinen Produkten dazu beitragen, dass seine Kunden auch im Alter mit all seinen kleineren und gr\u00f6\u00dferen Problemen das Leben in ihren eigenen vier W\u00e4nden genie\u00dfen k\u00f6nnen &#8211; Stichw\u00f6rter: Mobilit\u00e4t und barrierefreies Wohnen &#8211; ohne auf die Hilfe Dritter angewiesen zu sein.<br \/>\nDurch Showrooms in verschiedenen Zielregionen deutschlandweit m\u00f6chte Liftstar mittelfristig noch n\u00e4her am Kunden arbeiten und seine hochqualitativen Produkte auch mit Testfahrten und Bemusterungen vor Ort pr\u00e4sentieren.[\/vc_column_text][\/vc_column][\/vc_row][vc_row][vc_column width=&#8220;1\/2&#8243;][vc_column_text]<\/p>\n<h3><span style=\"text-decoration: underline;\"><strong>Key Facts:<\/strong><\/span><\/h3>\n<p><strong>Kunde:<\/strong>\u00a0Liftstar<\/p>\n<p><strong>Ort:<\/strong>\u00a0Cloppenburg<\/p>\n<p><strong>Grundfl\u00e4che:<\/strong>\u00a099m\u00b2<\/p>\n<p><strong>Einbauzeit:<\/strong>\u00a01 1\/2 Wochen<\/p>\n<p><strong>Besonderheiten:<\/strong>\u00a0Der Einbau erfolgte im frisch sanierten Geb\u00e4ude<\/p>\n<p><strong>Zielsetzung:<\/strong>\u00a0Eine Anlaufstelle f\u00fcr neue Kunden zu schaffen, gleichzeitig aber auch einen Bereich f\u00fcr Mitarbeitergespr\u00e4che f\u00fcr die\u00a0Zielregion Cloppenburg zu haben.<\/p>\n<p><strong>Aufgabengebiete:<\/strong> Konzepterstellung (in Zusammenarbeit mit der TOMAHAWK GmbH), Kundenbetreuung, Projektleitung, Bauleitung, Koordination, Bau\u00fcbergabe<\/p>\n<p><strong>Mehr Infos unter:<\/strong> <a href=\"https:\/\/www.liftstar.de\/\">www.liftstar.de<\/a>[\/vc_column_text][vc_empty_space height=&#8220;20px&#8220;][\/vc_column][vc_column width=&#8220;1\/2&#8243;][vc_single_image image=&#8220;229&#8243; img_size=&#8220;full&#8220; alignment=&#8220;center&#8220; onclick=&#8220;link_image&#8220;][vc_empty_space height=&#8220;20px&#8220;][\/vc_column][\/vc_row][vc_row][vc_column width=&#8220;1\/2&#8243;][vc_single_image image=&#8220;230&#8243; img_size=&#8220;full&#8220; alignment=&#8220;center&#8220; onclick=&#8220;link_image&#8220;][vc_empty_space height=&#8220;20px&#8220;][\/vc_column][vc_column width=&#8220;1\/2&#8243;][vc_column_text]<\/p>\n<h3><span style=\"text-decoration: underline;\">Ambiente f\u00fcr die optimale Beratung<\/span><\/h3>\n<p>Da Liftstar nicht mit allgemeinen \u00d6ffnungszeiten arbeitet, sondern seine Kunden nur nach vorheriger Terminabsprache empf\u00e4ngt, konnte der gestalterische Schwerpunkt des Showrooms darauf gelegt werden, eine wohnliche und angenehme Atmosph\u00e4re zu schaffen.<br \/>\nF\u00fcr die pers\u00f6nliche Beratung gibt es eine Sitzgruppe mit Tisch, zum Testen drei verschiedene Lifte. Davon laufen zwei \u00fcber eine Ecktreppe, einer auf einer Einzeltreppe. Diese Exponate haben wir mit extra angebrachten Spotlights effektvoll in Szene gesetzt.<br \/>\nUm den Unternehmensnamen auch im Inneren pr\u00e4sent zu halten, installierten wir das Logo zweimal in 3D-Form an den W\u00e4nden.<br \/>\nAn einer eigenen Musterwand k\u00f6nnen die Kunden sich die verschiedenen Bezugsstoffe der Treppenlifte anschauen &#8211; derzeit je vier Variationen f\u00fcr die drei Modelle.[\/vc_column_text][vc_empty_space height=&#8220;20px&#8220;][\/vc_column][\/vc_row][vc_row][vc_column width=&#8220;1\/2&#8243;][vc_column_text]<\/p>\n<h3><span style=\"text-decoration: underline;\">Gestaltung der Fassade inklusive<\/span><\/h3>\n<p>Bei diesem Projekt \u00fcbernahmen wir auch die Gestaltung der Shopfassade. Der Liftstar-Showroom in Cloppenburg verf\u00fcgt \u00fcber gro\u00dfe, einladende Schaufensterfronten.<br \/>\nDies gab uns die Gelegenheit, Leuchtw\u00e4nde in entsprechenden Abmessungen aufzustellen und mit emotionalen Bildern den Besucher schon &#8222;auf der Stra\u00dfe abzuholen&#8220;.<br \/>\nEingerahmt wird die Au\u00dfenwerbung von zwei beleuchtbaren K\u00e4sten mit dem Unternehmenslogo.<br \/>\nZus\u00e4tzlich befindet sich ein hochwertiges Edelstahl-Informationsschild mit allen Kontaktinformationen zur Zielregion direkt neben dem Haupteingang.[\/vc_column_text][vc_empty_space height=&#8220;20px&#8220;][\/vc_column][vc_column width=&#8220;1\/2&#8243;][vc_single_image image=&#8220;231&#8243; img_size=&#8220;full&#8220; alignment=&#8220;center&#8220; onclick=&#8220;link_image&#8220;][vc_empty_space height=&#8220;20px&#8220;][\/vc_column][\/vc_row][vc_row][vc_column width=&#8220;1\/2&#8243;][vc_single_image image=&#8220;292&#8243; img_size=&#8220;full&#8220; alignment=&#8220;center&#8220; onclick=&#8220;link_image&#8220;][vc_empty_space height=&#8220;20px&#8220;][\/vc_column][vc_column width=&#8220;1\/2&#8243;][vc_column_text]<\/p>\n<h3><span style=\"text-decoration: underline;\">Mobile Trennung von Kunden- und Mitarbeiterbereich<\/span><\/h3>\n<p>Eine mobile, mit Stoff \u00fcberzogene Trennwand gliedert den Raum in Kunden- und Mitarbeiterbereich. Die Bespannung kann bei Bedarf schnell ausgetauscht und mit anderen Motiven best\u00fcckt werden.<br \/>\nF\u00fcr gr\u00f6\u00dfere Veranstaltungen l\u00e4sst sie sich auch beiseitestellen, um mehr Platz zu schaffen.<\/p>\n<p>Der Mitarbeiterbereich wurde mit moderner Pr\u00e4sentationstechnik inklusive gro\u00dfem TV-Ger\u00e4t sowie einer variablen Bestuhlung ausgestattet, so dass er f\u00fcr Einzelgespr\u00e4che und Gruppentreffen gleicherma\u00dfen genutzt werden kann.[\/vc_column_text][vc_empty_space height=&#8220;20px&#8220;][\/vc_column][\/vc_row][vc_row][vc_column][vc_column_text]<\/p>\n<p style=\"text-align: center;\">____________________________________________<\/p>\n<p>[\/vc_column_text][vc_empty_space height=&#8220;20px&#8220;][\/vc_column][\/vc_row][vc_row][vc_column width=&#8220;1\/2&#8243;][vc_column_text]<\/p>\n<h3>DAS DESIGNKONZEPT<\/h3>\n<p>Auch bei Liftstar war eine Menge Vorplanung notwendig, um das optimale Konzept f\u00fcr den Kunden fertigzustellen.<br \/>\nGrundlage f\u00fcr den Auftrag und unsere Projektabwicklung ist der Entwurf.<\/p>\n<p>Hier finden unsere Designer nach Absprache mit den entsprechenden Vertrieblern die ersten Ideen sowohl die Marke in den Vordergrund zu heben, als auch der Zielgruppe eine passende Anlaufstelle nach Vorstellungen des Kunden zu gew\u00e4hrleisten.[\/vc_column_text][vc_empty_space height=&#8220;20px&#8220;][\/vc_column][vc_column width=&#8220;1\/2&#8243;][vc_single_image image=&#8220;344&#8243; img_size=&#8220;full&#8220; alignment=&#8220;center&#8220; onclick=&#8220;link_image&#8220;][vc_empty_space height=&#8220;20px&#8220;][\/vc_column][\/vc_row][vc_row][vc_column width=&#8220;1\/2&#8243;][vc_single_image image=&#8220;343&#8243; img_size=&#8220;full&#8220; alignment=&#8220;center&#8220; onclick=&#8220;link_image&#8220;][vc_empty_space height=&#8220;20px&#8220;][\/vc_column][vc_column width=&#8220;1\/2&#8243;][vc_single_image image=&#8220;342&#8243; img_size=&#8220;full&#8220; alignment=&#8220;center&#8220; onclick=&#8220;link_image&#8220;][vc_empty_space height=&#8220;20px&#8220;][\/vc_column][\/vc_row]<\/p>\n","protected":false},"excerpt":{"rendered":"<p>[vc_row][vc_column][vc_column_text]Art:\u00a0Showroom[\/vc_column_text][vc_empty_space height=&#8220;20px&#8220;][vc_single_image image=&#8220;226&#8243; img_size=&#8220;full&#8220; alignment=&#8220;center&#8220;][vc_empty_space height=&#8220;20px&#8220;][\/vc_column][vc_column][\/vc_column][\/vc_row][vc_row][vc_column width=&#8220;1\/2&#8243;][vc_column_text] Wohnlicher Showroom und Mitarbeiterzentrum in Cloppenburg F\u00fcr die Niederlassung in Cloppenburg, mit der unter anderem die Bekanntheit der Marke gesteigert werden soll, \u00fcbernahm Blickfang die Gestaltung der neuen R\u00e4ume. Unser Auftrag dabei war ein doppelter: Unmittelbar nach der umfangreichen Sanierung des Geb\u00e4udes in Cloppenburg sollte sowohl ein Servicezentrum&hellip;<\/p>\n","protected":false},"author":2,"featured_media":223,"comment_status":"open","ping_status":"closed","template":"","meta":{"cybocfi_hide_featured_image":"","footnotes":""},"dt_portfolio_category":[4],"dt_portfolio_tags":[],"class_list":["post-218","dt_portfolio","type-dt_portfolio","status-publish","has-post-thumbnail","hentry","dt_portfolio_category-referenzen","dt_portfolio_category-4","description-off"],"yoast_head":"<!-- This site is optimized with the Yoast SEO plugin v25.5 - https:\/\/yoast.com\/wordpress\/plugins\/seo\/ -->\n<title>LIFTSTAR - Blickfang Shopkonzepte<\/title>\n<meta name=\"robots\" content=\"index, follow, max-snippet:-1, max-image-preview:large, max-video-preview:-1\" \/>\n<link rel=\"canonical\" href=\"https:\/\/blickfang.de\/ladenbau\/project\/liftstar\/\" \/>\n<meta property=\"og:locale\" content=\"de_DE\" \/>\n<meta property=\"og:type\" content=\"article\" \/>\n<meta property=\"og:title\" content=\"LIFTSTAR - Blickfang Shopkonzepte\" \/>\n<meta property=\"og:description\" content=\"[vc_row][vc_column][vc_column_text]Art:\u00a0Showroom[\/vc_column_text][vc_empty_space height=&#8220;20px&#8220;][vc_single_image image=&#8220;226&#8243; img_size=&#8220;full&#8220; alignment=&#8220;center&#8220;][vc_empty_space height=&#8220;20px&#8220;][\/vc_column][vc_column][\/vc_column][\/vc_row][vc_row][vc_column width=&#8220;1\/2&#8243;][vc_column_text] Wohnlicher Showroom und Mitarbeiterzentrum in Cloppenburg F\u00fcr die Niederlassung in Cloppenburg, mit der unter anderem die Bekanntheit der Marke gesteigert werden soll, \u00fcbernahm Blickfang die Gestaltung der neuen R\u00e4ume. Unser Auftrag dabei war ein doppelter: Unmittelbar nach der umfangreichen Sanierung des Geb\u00e4udes in Cloppenburg sollte sowohl ein Servicezentrum&hellip;\" \/>\n<meta property=\"og:url\" content=\"https:\/\/blickfang.de\/ladenbau\/project\/liftstar\/\" \/>\n<meta property=\"og:site_name\" content=\"Blickfang Shopkonzepte\" \/>\n<meta property=\"article:modified_time\" content=\"2017-03-04T10:25:23+00:00\" \/>\n<meta property=\"og:image\" content=\"https:\/\/blickfang.de\/ladenbau\/wp-content\/uploads\/sites\/7\/2017\/01\/Liftstar-Showroom-Cloppenburg-1717-1200.jpg\" \/>\n\t<meta property=\"og:image:width\" content=\"1717\" \/>\n\t<meta property=\"og:image:height\" content=\"1200\" \/>\n\t<meta property=\"og:image:type\" content=\"image\/jpeg\" \/>\n<meta name=\"twitter:label1\" content=\"Gesch\u00e4tzte Lesezeit\" \/>\n\t<meta name=\"twitter:data1\" content=\"5\u00a0Minuten\" \/>\n<script type=\"application\/ld+json\" class=\"yoast-schema-graph\">{\"@context\":\"https:\/\/schema.org\",\"@graph\":[{\"@type\":\"WebPage\",\"@id\":\"https:\/\/blickfang.de\/ladenbau\/project\/liftstar\/\",\"url\":\"https:\/\/blickfang.de\/ladenbau\/project\/liftstar\/\",\"name\":\"LIFTSTAR - Blickfang Shopkonzepte\",\"isPartOf\":{\"@id\":\"https:\/\/blickfang.de\/ladenbau\/#website\"},\"primaryImageOfPage\":{\"@id\":\"https:\/\/blickfang.de\/ladenbau\/project\/liftstar\/#primaryimage\"},\"image\":{\"@id\":\"https:\/\/blickfang.de\/ladenbau\/project\/liftstar\/#primaryimage\"},\"thumbnailUrl\":\"https:\/\/blickfang.de\/ladenbau\/wp-content\/uploads\/sites\/7\/2017\/01\/Liftstar-Showroom-Cloppenburg-1717-1200.jpg\",\"datePublished\":\"2017-01-27T16:32:36+00:00\",\"dateModified\":\"2017-03-04T10:25:23+00:00\",\"breadcrumb\":{\"@id\":\"https:\/\/blickfang.de\/ladenbau\/project\/liftstar\/#breadcrumb\"},\"inLanguage\":\"de\",\"potentialAction\":[{\"@type\":\"ReadAction\",\"target\":[\"https:\/\/blickfang.de\/ladenbau\/project\/liftstar\/\"]}]},{\"@type\":\"ImageObject\",\"inLanguage\":\"de\",\"@id\":\"https:\/\/blickfang.de\/ladenbau\/project\/liftstar\/#primaryimage\",\"url\":\"https:\/\/blickfang.de\/ladenbau\/wp-content\/uploads\/sites\/7\/2017\/01\/Liftstar-Showroom-Cloppenburg-1717-1200.jpg\",\"contentUrl\":\"https:\/\/blickfang.de\/ladenbau\/wp-content\/uploads\/sites\/7\/2017\/01\/Liftstar-Showroom-Cloppenburg-1717-1200.jpg\",\"width\":1717,\"height\":1200},{\"@type\":\"BreadcrumbList\",\"@id\":\"https:\/\/blickfang.de\/ladenbau\/project\/liftstar\/#breadcrumb\",\"itemListElement\":[{\"@type\":\"ListItem\",\"position\":1,\"name\":\"Home\",\"item\":\"https:\/\/blickfang.de\/ladenbau\/\"},{\"@type\":\"ListItem\",\"position\":2,\"name\":\"Portfolio\",\"item\":\"https:\/\/blickfang.de\/ladenbau\/project\/\"},{\"@type\":\"ListItem\",\"position\":3,\"name\":\"LIFTSTAR\"}]},{\"@type\":\"WebSite\",\"@id\":\"https:\/\/blickfang.de\/ladenbau\/#website\",\"url\":\"https:\/\/blickfang.de\/ladenbau\/\",\"name\":\"Blickfang Shopkonzepte\",\"description\":\"\",\"potentialAction\":[{\"@type\":\"SearchAction\",\"target\":{\"@type\":\"EntryPoint\",\"urlTemplate\":\"https:\/\/blickfang.de\/ladenbau\/?s={search_term_string}\"},\"query-input\":{\"@type\":\"PropertyValueSpecification\",\"valueRequired\":true,\"valueName\":\"search_term_string\"}}],\"inLanguage\":\"de\"}]}<\/script>\n<!-- \/ Yoast SEO plugin. -->","yoast_head_json":{"title":"LIFTSTAR - Blickfang Shopkonzepte","robots":{"index":"index","follow":"follow","max-snippet":"max-snippet:-1","max-image-preview":"max-image-preview:large","max-video-preview":"max-video-preview:-1"},"canonical":"https:\/\/blickfang.de\/ladenbau\/project\/liftstar\/","og_locale":"de_DE","og_type":"article","og_title":"LIFTSTAR - Blickfang Shopkonzepte","og_description":"[vc_row][vc_column][vc_column_text]Art:\u00a0Showroom[\/vc_column_text][vc_empty_space height=&#8220;20px&#8220;][vc_single_image image=&#8220;226&#8243; img_size=&#8220;full&#8220; alignment=&#8220;center&#8220;][vc_empty_space height=&#8220;20px&#8220;][\/vc_column][vc_column][\/vc_column][\/vc_row][vc_row][vc_column width=&#8220;1\/2&#8243;][vc_column_text] Wohnlicher Showroom und Mitarbeiterzentrum in Cloppenburg F\u00fcr die Niederlassung in Cloppenburg, mit der unter anderem die Bekanntheit der Marke gesteigert werden soll, \u00fcbernahm Blickfang die Gestaltung der neuen R\u00e4ume. Unser Auftrag dabei war ein doppelter: Unmittelbar nach der umfangreichen Sanierung des Geb\u00e4udes in Cloppenburg sollte sowohl ein Servicezentrum&hellip;","og_url":"https:\/\/blickfang.de\/ladenbau\/project\/liftstar\/","og_site_name":"Blickfang Shopkonzepte","article_modified_time":"2017-03-04T10:25:23+00:00","og_image":[{"width":1717,"height":1200,"url":"https:\/\/blickfang.de\/ladenbau\/wp-content\/uploads\/sites\/7\/2017\/01\/Liftstar-Showroom-Cloppenburg-1717-1200.jpg","type":"image\/jpeg"}],"twitter_misc":{"Gesch\u00e4tzte Lesezeit":"5\u00a0Minuten"},"schema":{"@context":"https:\/\/schema.org","@graph":[{"@type":"WebPage","@id":"https:\/\/blickfang.de\/ladenbau\/project\/liftstar\/","url":"https:\/\/blickfang.de\/ladenbau\/project\/liftstar\/","name":"LIFTSTAR - Blickfang Shopkonzepte","isPartOf":{"@id":"https:\/\/blickfang.de\/ladenbau\/#website"},"primaryImageOfPage":{"@id":"https:\/\/blickfang.de\/ladenbau\/project\/liftstar\/#primaryimage"},"image":{"@id":"https:\/\/blickfang.de\/ladenbau\/project\/liftstar\/#primaryimage"},"thumbnailUrl":"https:\/\/blickfang.de\/ladenbau\/wp-content\/uploads\/sites\/7\/2017\/01\/Liftstar-Showroom-Cloppenburg-1717-1200.jpg","datePublished":"2017-01-27T16:32:36+00:00","dateModified":"2017-03-04T10:25:23+00:00","breadcrumb":{"@id":"https:\/\/blickfang.de\/ladenbau\/project\/liftstar\/#breadcrumb"},"inLanguage":"de","potentialAction":[{"@type":"ReadAction","target":["https:\/\/blickfang.de\/ladenbau\/project\/liftstar\/"]}]},{"@type":"ImageObject","inLanguage":"de","@id":"https:\/\/blickfang.de\/ladenbau\/project\/liftstar\/#primaryimage","url":"https:\/\/blickfang.de\/ladenbau\/wp-content\/uploads\/sites\/7\/2017\/01\/Liftstar-Showroom-Cloppenburg-1717-1200.jpg","contentUrl":"https:\/\/blickfang.de\/ladenbau\/wp-content\/uploads\/sites\/7\/2017\/01\/Liftstar-Showroom-Cloppenburg-1717-1200.jpg","width":1717,"height":1200},{"@type":"BreadcrumbList","@id":"https:\/\/blickfang.de\/ladenbau\/project\/liftstar\/#breadcrumb","itemListElement":[{"@type":"ListItem","position":1,"name":"Home","item":"https:\/\/blickfang.de\/ladenbau\/"},{"@type":"ListItem","position":2,"name":"Portfolio","item":"https:\/\/blickfang.de\/ladenbau\/project\/"},{"@type":"ListItem","position":3,"name":"LIFTSTAR"}]},{"@type":"WebSite","@id":"https:\/\/blickfang.de\/ladenbau\/#website","url":"https:\/\/blickfang.de\/ladenbau\/","name":"Blickfang Shopkonzepte","description":"","potentialAction":[{"@type":"SearchAction","target":{"@type":"EntryPoint","urlTemplate":"https:\/\/blickfang.de\/ladenbau\/?s={search_term_string}"},"query-input":{"@type":"PropertyValueSpecification","valueRequired":true,"valueName":"search_term_string"}}],"inLanguage":"de"}]}},"_links":{"self":[{"href":"https:\/\/blickfang.de\/ladenbau\/wp-json\/wp\/v2\/dt_portfolio\/218","targetHints":{"allow":["GET"]}}],"collection":[{"href":"https:\/\/blickfang.de\/ladenbau\/wp-json\/wp\/v2\/dt_portfolio"}],"about":[{"href":"https:\/\/blickfang.de\/ladenbau\/wp-json\/wp\/v2\/types\/dt_portfolio"}],"author":[{"embeddable":true,"href":"https:\/\/blickfang.de\/ladenbau\/wp-json\/wp\/v2\/users\/2"}],"replies":[{"embeddable":true,"href":"https:\/\/blickfang.de\/ladenbau\/wp-json\/wp\/v2\/comments?post=218"}],"version-history":[{"count":15,"href":"https:\/\/blickfang.de\/ladenbau\/wp-json\/wp\/v2\/dt_portfolio\/218\/revisions"}],"predecessor-version":[{"id":225,"href":"https:\/\/blickfang.de\/ladenbau\/wp-json\/wp\/v2\/dt_portfolio\/218\/revisions\/225"}],"wp:featuredmedia":[{"embeddable":true,"href":"https:\/\/blickfang.de\/ladenbau\/wp-json\/wp\/v2\/media\/223"}],"wp:attachment":[{"href":"https:\/\/blickfang.de\/ladenbau\/wp-json\/wp\/v2\/media?parent=218"}],"wp:term":[{"taxonomy":"dt_portfolio_category","embeddable":true,"href":"https:\/\/blickfang.de\/ladenbau\/wp-json\/wp\/v2\/dt_portfolio_category?post=218"},{"taxonomy":"dt_portfolio_tags","embeddable":true,"href":"https:\/\/blickfang.de\/ladenbau\/wp-json\/wp\/v2\/dt_portfolio_tags?post=218"}],"curies":[{"name":"wp","href":"https:\/\/api.w.org\/{rel}","templated":true}]}}