{"id":168,"date":"2016-12-08T11:18:41","date_gmt":"2016-12-08T10:18:41","guid":{"rendered":"http:\/\/blickfang.de\/ladenbau\/?post_type=dt_portfolio&#038;p=168"},"modified":"2017-03-04T11:40:25","modified_gmt":"2017-03-04T10:40:25","slug":"schwalli","status":"publish","type":"dt_portfolio","link":"https:\/\/blickfang.de\/ladenbau\/project\/schwalli\/","title":{"rendered":"Schwalenst\u00f6cker und Gantz"},"content":{"rendered":"<p>[vc_row][vc_column]<div class=\"dt-fancy-separator title-left h1-size accent-title-color\" style=\"width: 100%;\"><div class=\"dt-fancy-title\"><span class=\"separator-holder separator-left\"><\/span>Schwalenst\u00f6cker und Gantz<span class=\"separator-holder separator-right\"><\/span><\/div><\/div><div class=\"ult-spacer spacer-69f0ff6854e61\" data-id=\"69f0ff6854e61\" data-height=\"40\" data-height-mobile=\"40\" data-height-tab=\"40\" data-height-tab-portrait=\"\" data-height-mobile-landscape=\"\" style=\"clear:both;display:block;\"><\/div>[vc_column_text]Art: Cash &amp; Carry\u00a0Markt &#8211; Feinkostgesch\u00e4ft in Korbach[\/vc_column_text][vc_empty_space height=&#8220;20px&#8220;][vc_single_image image=&#8220;188&#8243; img_size=&#8220;full&#8220; alignment=&#8220;center&#8220;][vc_empty_space height=&#8220;20px&#8220;][\/vc_column][\/vc_row][vc_row][vc_column width=&#8220;1\/2&#8243;][vc_column_text]<\/p>\n<h3><span style=\"text-decoration: underline;\">Die Herausforderung &#8211; Umbau w\u00e4hrend des laufenden Betriebs<\/span><\/h3>\n<p>Blickfang \u00fcbernahm f\u00fcr den Cash &amp; Carry\u00a0Markt die Aufgabe, das vorhandene Ladenkonzept grundlegend zu modernisieren und eine klar gegliederte Erlebniswelt f\u00fcr die Kunden zu schaffen.<br \/>\nEine besondere Herausforderung f\u00fcr unser Projektteam war dabei die Tatsache, dass der Umbau bei laufendem Gesch\u00e4ftsbetrieb durchgef\u00fchrt werden musste, m\u00f6glichst ohne Beeintr\u00e4chtigung der Kunden.<br \/>\nWir haben deshalb die gesamte Fl\u00e4che nach bestimmten Gesichtspunkten in sieben Sektoren aufgeteilt und f\u00fcr jeden Sektor einen exakten Zeitplan aufgestellt, in dem die einzelnen Gewerke abgearbeitet werden sollten.<br \/>\nUnsere Projektleitung hat diese Aufgabe mit einer peniblen Koordination erfolgreich gel\u00f6st.[\/vc_column_text][\/vc_column][vc_column width=&#8220;1\/2&#8243;][vc_single_image image=&#8220;186&#8243; img_size=&#8220;full&#8220; alignment=&#8220;center&#8220; onclick=&#8220;link_image&#8220;][vc_empty_space height=&#8220;20px&#8220;][\/vc_column][\/vc_row][vc_row][vc_column width=&#8220;1\/2&#8243;][vc_single_image image=&#8220;191&#8243; img_size=&#8220;full&#8220; alignment=&#8220;center&#8220; onclick=&#8220;link_image&#8220;][vc_empty_space height=&#8220;20px&#8220;][\/vc_column][vc_column width=&#8220;1\/2&#8243;][vc_column_text]<\/p>\n<h3>Eine Erlebniswelt f\u00fcr Nahrungs- und Genussmittel<\/h3>\n<p>Strukturell und inhaltlich galt es, verschiedene Bereiche und Pr\u00e4sentationsm\u00f6glichkeiten f\u00fcr die einzelnen Produktgruppen zu schaffen.<br \/>\nDiese unterteilen sich in Fleisch, Wurst- und Grillwaren, Fisch, Kaffee und Tee, Spirituosen und Weine aus aller Welt, Tiefk\u00fchlwaren, Dekoration, Zubeh\u00f6r f\u00fcr die Gastronomie sowie Reinigungsmittel.<br \/>\nWir haben durch eine unterschiedliche Farbgestaltung der Bodenbel\u00e4ge gleichzeitig eine deutliche Trennung der einzelnen Sektionen erreicht, ohne das Gesamtkonzept zu vernachl\u00e4ssigen, n\u00e4mlich eine Inspirationswelt rund um die Schwerpunkte Lebens- und Genussmittel plus Peripherieprodukte zu schaffen.<br \/>\nUnser Gesamtkonzept zielte darauf, als Ergebnis ein wohnliches Ambiente zu erhalten, das den Besucher nicht nur als Kunden, sondern vor allem als Gast sieht und empf\u00e4ngt.[\/vc_column_text][vc_empty_space height=&#8220;20px&#8220;][\/vc_column][\/vc_row][vc_row][vc_column width=&#8220;1\/2&#8243;][vc_column_text]<\/p>\n<h3><span style=\"text-decoration: underline;\"><strong>Key Facts:<\/strong><\/span><\/h3>\n<p><strong>Kunde:<\/strong> Schwalenst\u00f6cker &amp; Gantz in Korbach<\/p>\n<p><strong>Verkaufsfl\u00e4che:<\/strong>\u00a0750m\u00b2<\/p>\n<p><strong>Einbauzeit:<\/strong> 6 Wochen<\/p>\n<p><strong>Besonderheiten:<\/strong> Einbau w\u00e4hrend des laufenden Betriebs<\/p>\n<p><strong>Zielsetzung:<\/strong> Das bestehende Ladenkonzept von Grund auf zu modernisieren und dabei den laufenden Betrieb nicht einzuschr\u00e4nken.<\/p>\n<p><strong>Aufgabengebiete:<\/strong> Konzepterstellung, Kundenbetreuung, Projektleitung, Bauleitung, Koordination, Bau\u00fcbergabe<\/p>\n<p><strong>Mehr Infos unter:<\/strong> <a href=\"http:\/\/www.schwalli.de\">www.schwalli.de<\/a>[\/vc_column_text][vc_empty_space height=&#8220;20px&#8220;][\/vc_column][vc_column width=&#8220;1\/2&#8243;][vc_single_image image=&#8220;192&#8243; img_size=&#8220;full&#8220; alignment=&#8220;center&#8220; onclick=&#8220;link_image&#8220;][vc_empty_space height=&#8220;20px&#8220;][\/vc_column][\/vc_row][vc_row][vc_column width=&#8220;1\/2&#8243;][vc_single_image image=&#8220;194&#8243; img_size=&#8220;full&#8220; alignment=&#8220;center&#8220; onclick=&#8220;link_image&#8220;][vc_empty_space height=&#8220;20px&#8220;][\/vc_column][vc_column width=&#8220;1\/2&#8243;][vc_column_text]<\/p>\n<h3><u>Schwalli<\/u><\/h3>\n<p>Schwalenst\u00f6cker und Gantz &#8211; kurz: Schwalli &#8211; betreibt ein gro\u00dfes Feinkostgesch\u00e4ft im hessischen Korbach und ist Mitglied der Service Bund Gruppe.<br \/>\nDieser Zusammenschluss von mehr als 30 mittelst\u00e4ndischen Fachgro\u00dfh\u00e4ndlern aus Deutschland bietet ein sehr umfangreiches Sortiment an Produkten, das sich an Endverbraucher, vor allem aber an Kunden aus der Gastronomie richtet.<br \/>\nDas Ziel des Service Bund\u00a0war die B\u00fcndelung von Leistungen zur St\u00e4rkung der einzelnen Gro\u00dfh\u00e4ndler und die Etablierung einer im deutschen Markt bis dahin noch nicht existenten Gruppe von Liefer-Gro\u00dfh\u00e4ndlern f\u00fcr Lebensmittel im Gastronomie-, Hotellerie- und Gemeinschaftsverpflegungsmarkt.[\/vc_column_text][vc_empty_space height=&#8220;20px&#8220;][\/vc_column][\/vc_row][vc_row][vc_column width=&#8220;1\/2&#8243;][vc_column_text]<\/p>\n<h3><span style=\"text-decoration: underline;\">Im Zentrum eine gro\u00dfe Theke<\/span><\/h3>\n<p>Das Zentrum des Ladengesch\u00e4fts bildet eine gro\u00dfe, umlaufende Theke inklusive einem abgehangenen Baldachin f\u00fcr diverse Funktionen, die der Gesch\u00e4ftsalltag mit sich bringt.<br \/>\nSie dient den Mitarbeitern zur Vorbereitung einzelner Produktbereiche, als erste Anlaufstelle f\u00fcr Kunden und Besucher sowie als Pr\u00e4sentationsplattform f\u00fcr Gastronomiepublikum, um neue Sortimente, innovative Konzepte und gastronomische Trends vorstellen zu k\u00f6nnen.<br \/>\nNeben einem gro\u00dfen TV-Ger\u00e4t lassen sich dort je nach Bedarf auch Gastroger\u00e4te aller Art integrieren.[\/vc_column_text][vc_empty_space height=&#8220;20px&#8220;][\/vc_column][vc_column width=&#8220;1\/2&#8243;][vc_single_image image=&#8220;198&#8243; img_size=&#8220;full&#8220; alignment=&#8220;center&#8220; onclick=&#8220;link_image&#8220;][vc_empty_space height=&#8220;20px&#8220;][\/vc_column][\/vc_row][vc_row][vc_column width=&#8220;1\/2&#8243;][vc_single_image image=&#8220;190&#8243; img_size=&#8220;full&#8220; alignment=&#8220;center&#8220; onclick=&#8220;link_image&#8220;][vc_empty_space height=&#8220;20px&#8220;][\/vc_column][vc_column width=&#8220;1\/2&#8243;][vc_column_text]<\/p>\n<h3><span style=\"text-decoration: underline;\">Eine Erlebniswelt f\u00fcr Nahrungs- und Genussmittel<\/span><\/h3>\n<p>Strukturell und inhaltlich galt es, verschiedene Bereiche und Pr\u00e4sentationsm\u00f6glichkeiten im Cash &amp; Carry Markt f\u00fcr die einzelnen Produktgruppen zu schaffen.<br \/>\nDiese unterteilen sich in Fleisch, Wurst- und Grillwaren, Fisch, Kaffee und Tee, Spirituosen und Weine aus aller Welt, Tiefk\u00fchlwaren, Dekoration, Zubeh\u00f6r f\u00fcr die Gastronomie sowie Reinigungsmittel.<br \/>\nWir haben durch eine unterschiedliche Farbgestaltung der Bodenbel\u00e4ge gleichzeitig eine deutliche Trennung der einzelnen Sektionen erreicht, ohne das Gesamtkonzept zu vernachl\u00e4ssigen, n\u00e4mlich eine Inspirationswelt rund um die Schwerpunkte Lebens- und Genussmittel plus Peripherieprodukte zu schaffen.<br \/>\nDer Auftraggeber legte gr\u00f6\u00dften Wert darauf, als Ergebnis ein wohnliches Ambiente zu erhalten, das den Besucher nicht nur als Kunden, sondern vor allem als Gast sieht und empf\u00e4ngt.[\/vc_column_text][vc_empty_space height=&#8220;20px&#8220;][\/vc_column][\/vc_row][vc_row][vc_column width=&#8220;1\/2&#8243;][vc_column_text]<\/p>\n<h3><span style=\"text-decoration: underline;\">Kleine Inseln f\u00fcr individuelle Kundenbetreuung<\/span><\/h3>\n<p>Dar\u00fcber hinaus wurden in den einzelnen Abteilungen gem\u00fctliche Sitzgelegenheiten mit Tischen geschaffen, in denen die Vertriebsmitarbeiter in lockerer und entspannter Atmosph\u00e4re interessierten Kunden einzelne Produktgruppen vorstellen k\u00f6nnen und wo auch eine direkte Verkostung m\u00f6glich ist.<br \/>\nDiese kleinen Inseln der Ruhe sorgen f\u00fcr einen pers\u00f6nlicheren Umgang zwischen Anbieter und Konsument und bilden dadurch eine positive Ma\u00dfnahme der Verkaufsf\u00f6rderung &#8211; ganz im Sinne des Unternehmens Schwalenst\u00f6cker und Gantz, das sein Ladengesch\u00e4ft selbst als &#8222;Wohnzimmer&#8220; ansieht und bezeichnet.[\/vc_column_text][vc_empty_space height=&#8220;20px&#8220;][\/vc_column][vc_column width=&#8220;1\/2&#8243;][vc_single_image image=&#8220;200&#8243; img_size=&#8220;full&#8220; alignment=&#8220;center&#8220; onclick=&#8220;link_image&#8220;][vc_empty_space height=&#8220;20px&#8220;][\/vc_column][\/vc_row][vc_row][vc_column][vc_single_image image=&#8220;201&#8243; img_size=&#8220;full&#8220; alignment=&#8220;center&#8220; onclick=&#8220;link_image&#8220;][vc_empty_space height=&#8220;20px&#8220;][\/vc_column][\/vc_row][vc_row][vc_column width=&#8220;1\/2&#8243;][vc_single_image image=&#8220;189&#8243; img_size=&#8220;full&#8220; alignment=&#8220;center&#8220; onclick=&#8220;link_image&#8220;][vc_empty_space height=&#8220;20px&#8220;][\/vc_column][vc_column width=&#8220;1\/2&#8243;][vc_single_image image=&#8220;199&#8243; img_size=&#8220;full&#8220; alignment=&#8220;center&#8220; onclick=&#8220;link_image&#8220;][vc_empty_space height=&#8220;20px&#8220;][\/vc_column][\/vc_row][vc_row][vc_column][vc_single_image image=&#8220;193&#8243; img_size=&#8220;full&#8220; alignment=&#8220;center&#8220; onclick=&#8220;link_image&#8220;][vc_empty_space height=&#8220;20px&#8220;][\/vc_column][\/vc_row][vc_row][vc_column width=&#8220;1\/2&#8243;][vc_single_image image=&#8220;195&#8243; img_size=&#8220;full&#8220; alignment=&#8220;center&#8220; onclick=&#8220;link_image&#8220;][\/vc_column][vc_column width=&#8220;1\/2&#8243;][vc_single_image image=&#8220;196&#8243; img_size=&#8220;full&#8220; alignment=&#8220;center&#8220; onclick=&#8220;link_image&#8220;][\/vc_column][\/vc_row][vc_row][vc_column][vc_empty_space height=&#8220;20px&#8220;][vc_column_text]<\/p>\n<p style=\"text-align: center;\">____________________________________________<\/p>\n<p>[\/vc_column_text][vc_empty_space height=&#8220;20px&#8220;][\/vc_column][\/vc_row][vc_row][vc_column width=&#8220;1\/2&#8243;][vc_empty_space height=&#8220;20px&#8220;][vc_column_text]<\/p>\n<h3>DAS DESIGNKONZEPT<\/h3>\n<p>Bei Schwalenst\u00f6cker und Gantz haben wir uns f\u00fcr eine &#8222;Sektoren-L\u00f6sung&#8220; entschieden.<br \/>\nDurch die verschiedenen Warengruppen wollten wir es der Zielgruppe erm\u00f6glichen sich auf verschiedenen &#8222;Genuss-Inseln&#8220; zu bewegen.<\/p>\n<p>Die hochwertigen Produkte wurden in Ihrem Bereich zudem immer wieder durch die optimale Warenpr\u00e4sentation in Szene\u00a0gesetzt.<\/p>\n<p>Insgesamt entstanden somit 7 Sektoren, welche jeweils durch eine eigene Boden-Optik vom Laufweg der Kunden abgegrenzt wurden.[\/vc_column_text][\/vc_column][vc_column width=&#8220;1\/2&#8243;][vc_single_image image=&#8220;368&#8243; img_size=&#8220;full&#8220; alignment=&#8220;center&#8220; onclick=&#8220;link_image&#8220;][vc_empty_space height=&#8220;20px&#8220;][\/vc_column][\/vc_row][vc_row][vc_column width=&#8220;1\/2&#8243;][vc_single_image image=&#8220;367&#8243; img_size=&#8220;full&#8220; alignment=&#8220;center&#8220; onclick=&#8220;link_image&#8220;][vc_empty_space height=&#8220;20px&#8220;][\/vc_column][vc_column width=&#8220;1\/2&#8243;][vc_single_image image=&#8220;366&#8243; img_size=&#8220;full&#8220; alignment=&#8220;center&#8220; onclick=&#8220;link_image&#8220;][vc_empty_space height=&#8220;20px&#8220;][\/vc_column][\/vc_row]<\/p>\n","protected":false},"excerpt":{"rendered":"<p>[vc_row][vc_column][vc_column_text]Art: Cash &amp; Carry\u00a0Markt &#8211; Feinkostgesch\u00e4ft in Korbach[\/vc_column_text][vc_empty_space height=&#8220;20px&#8220;][vc_single_image image=&#8220;188&#8243; img_size=&#8220;full&#8220; alignment=&#8220;center&#8220;][vc_empty_space height=&#8220;20px&#8220;][\/vc_column][\/vc_row][vc_row][vc_column width=&#8220;1\/2&#8243;][vc_column_text] Die Herausforderung &#8211; Umbau w\u00e4hrend des laufenden Betriebs Blickfang \u00fcbernahm f\u00fcr den Cash &amp; Carry\u00a0Markt die Aufgabe, das vorhandene Ladenkonzept grundlegend zu modernisieren und eine klar gegliederte Erlebniswelt f\u00fcr die Kunden zu schaffen. Eine besondere Herausforderung f\u00fcr unser Projektteam war dabei&hellip;<\/p>\n","protected":false},"author":1,"featured_media":198,"comment_status":"open","ping_status":"closed","template":"","meta":{"cybocfi_hide_featured_image":"","footnotes":""},"dt_portfolio_category":[4],"dt_portfolio_tags":[],"class_list":["post-168","dt_portfolio","type-dt_portfolio","status-publish","has-post-thumbnail","hentry","dt_portfolio_category-referenzen","dt_portfolio_category-4","description-off"],"yoast_head":"<!-- This site is optimized with the Yoast SEO plugin v25.5 - https:\/\/yoast.com\/wordpress\/plugins\/seo\/ -->\n<title>Schwalenst\u00f6cker und Gantz - Blickfang Shopkonzepte<\/title>\n<meta name=\"robots\" content=\"index, follow, max-snippet:-1, max-image-preview:large, max-video-preview:-1\" \/>\n<link rel=\"canonical\" href=\"https:\/\/blickfang.de\/ladenbau\/project\/schwalli\/\" \/>\n<meta property=\"og:locale\" content=\"de_DE\" \/>\n<meta property=\"og:type\" content=\"article\" \/>\n<meta property=\"og:title\" content=\"Schwalenst\u00f6cker und Gantz - Blickfang Shopkonzepte\" \/>\n<meta property=\"og:description\" content=\"[vc_row][vc_column][vc_column_text]Art: Cash &amp; Carry\u00a0Markt &#8211; Feinkostgesch\u00e4ft in Korbach[\/vc_column_text][vc_empty_space height=&#8220;20px&#8220;][vc_single_image image=&#8220;188&#8243; img_size=&#8220;full&#8220; alignment=&#8220;center&#8220;][vc_empty_space height=&#8220;20px&#8220;][\/vc_column][\/vc_row][vc_row][vc_column width=&#8220;1\/2&#8243;][vc_column_text] Die Herausforderung &#8211; Umbau w\u00e4hrend des laufenden Betriebs Blickfang \u00fcbernahm f\u00fcr den Cash &amp; Carry\u00a0Markt die Aufgabe, das vorhandene Ladenkonzept grundlegend zu modernisieren und eine klar gegliederte Erlebniswelt f\u00fcr die Kunden zu schaffen. Eine besondere Herausforderung f\u00fcr unser Projektteam war dabei&hellip;\" \/>\n<meta property=\"og:url\" content=\"https:\/\/blickfang.de\/ladenbau\/project\/schwalli\/\" \/>\n<meta property=\"og:site_name\" content=\"Blickfang Shopkonzepte\" \/>\n<meta property=\"article:modified_time\" content=\"2017-03-04T10:40:25+00:00\" \/>\n<meta property=\"og:image\" content=\"https:\/\/blickfang.de\/ladenbau\/wp-content\/uploads\/sites\/7\/2016\/12\/Schwalenst\u00f6cker-und-Gantz-9.jpg\" \/>\n\t<meta property=\"og:image:width\" content=\"1717\" \/>\n\t<meta property=\"og:image:height\" content=\"1200\" \/>\n\t<meta property=\"og:image:type\" content=\"image\/jpeg\" \/>\n<meta name=\"twitter:label1\" content=\"Gesch\u00e4tzte Lesezeit\" \/>\n\t<meta name=\"twitter:data1\" content=\"7\u00a0Minuten\" \/>\n<script type=\"application\/ld+json\" class=\"yoast-schema-graph\">{\"@context\":\"https:\/\/schema.org\",\"@graph\":[{\"@type\":\"WebPage\",\"@id\":\"https:\/\/blickfang.de\/ladenbau\/project\/schwalli\/\",\"url\":\"https:\/\/blickfang.de\/ladenbau\/project\/schwalli\/\",\"name\":\"Schwalenst\u00f6cker und Gantz - Blickfang Shopkonzepte\",\"isPartOf\":{\"@id\":\"https:\/\/blickfang.de\/ladenbau\/#website\"},\"primaryImageOfPage\":{\"@id\":\"https:\/\/blickfang.de\/ladenbau\/project\/schwalli\/#primaryimage\"},\"image\":{\"@id\":\"https:\/\/blickfang.de\/ladenbau\/project\/schwalli\/#primaryimage\"},\"thumbnailUrl\":\"https:\/\/blickfang.de\/ladenbau\/wp-content\/uploads\/sites\/7\/2016\/12\/Schwalenst\u00f6cker-und-Gantz-9.jpg\",\"datePublished\":\"2016-12-08T10:18:41+00:00\",\"dateModified\":\"2017-03-04T10:40:25+00:00\",\"breadcrumb\":{\"@id\":\"https:\/\/blickfang.de\/ladenbau\/project\/schwalli\/#breadcrumb\"},\"inLanguage\":\"de\",\"potentialAction\":[{\"@type\":\"ReadAction\",\"target\":[\"https:\/\/blickfang.de\/ladenbau\/project\/schwalli\/\"]}]},{\"@type\":\"ImageObject\",\"inLanguage\":\"de\",\"@id\":\"https:\/\/blickfang.de\/ladenbau\/project\/schwalli\/#primaryimage\",\"url\":\"https:\/\/blickfang.de\/ladenbau\/wp-content\/uploads\/sites\/7\/2016\/12\/Schwalenst\u00f6cker-und-Gantz-9.jpg\",\"contentUrl\":\"https:\/\/blickfang.de\/ladenbau\/wp-content\/uploads\/sites\/7\/2016\/12\/Schwalenst\u00f6cker-und-Gantz-9.jpg\",\"width\":1717,\"height\":1200},{\"@type\":\"BreadcrumbList\",\"@id\":\"https:\/\/blickfang.de\/ladenbau\/project\/schwalli\/#breadcrumb\",\"itemListElement\":[{\"@type\":\"ListItem\",\"position\":1,\"name\":\"Home\",\"item\":\"https:\/\/blickfang.de\/ladenbau\/\"},{\"@type\":\"ListItem\",\"position\":2,\"name\":\"Portfolio\",\"item\":\"https:\/\/blickfang.de\/ladenbau\/project\/\"},{\"@type\":\"ListItem\",\"position\":3,\"name\":\"Schwalenst\u00f6cker und Gantz\"}]},{\"@type\":\"WebSite\",\"@id\":\"https:\/\/blickfang.de\/ladenbau\/#website\",\"url\":\"https:\/\/blickfang.de\/ladenbau\/\",\"name\":\"Blickfang Shopkonzepte\",\"description\":\"\",\"potentialAction\":[{\"@type\":\"SearchAction\",\"target\":{\"@type\":\"EntryPoint\",\"urlTemplate\":\"https:\/\/blickfang.de\/ladenbau\/?s={search_term_string}\"},\"query-input\":{\"@type\":\"PropertyValueSpecification\",\"valueRequired\":true,\"valueName\":\"search_term_string\"}}],\"inLanguage\":\"de\"}]}<\/script>\n<!-- \/ Yoast SEO plugin. -->","yoast_head_json":{"title":"Schwalenst\u00f6cker und Gantz - Blickfang Shopkonzepte","robots":{"index":"index","follow":"follow","max-snippet":"max-snippet:-1","max-image-preview":"max-image-preview:large","max-video-preview":"max-video-preview:-1"},"canonical":"https:\/\/blickfang.de\/ladenbau\/project\/schwalli\/","og_locale":"de_DE","og_type":"article","og_title":"Schwalenst\u00f6cker und Gantz - Blickfang Shopkonzepte","og_description":"[vc_row][vc_column][vc_column_text]Art: Cash &amp; Carry\u00a0Markt &#8211; Feinkostgesch\u00e4ft in Korbach[\/vc_column_text][vc_empty_space height=&#8220;20px&#8220;][vc_single_image image=&#8220;188&#8243; img_size=&#8220;full&#8220; alignment=&#8220;center&#8220;][vc_empty_space height=&#8220;20px&#8220;][\/vc_column][\/vc_row][vc_row][vc_column width=&#8220;1\/2&#8243;][vc_column_text] Die Herausforderung &#8211; Umbau w\u00e4hrend des laufenden Betriebs Blickfang \u00fcbernahm f\u00fcr den Cash &amp; Carry\u00a0Markt die Aufgabe, das vorhandene Ladenkonzept grundlegend zu modernisieren und eine klar gegliederte Erlebniswelt f\u00fcr die Kunden zu schaffen. Eine besondere Herausforderung f\u00fcr unser Projektteam war dabei&hellip;","og_url":"https:\/\/blickfang.de\/ladenbau\/project\/schwalli\/","og_site_name":"Blickfang Shopkonzepte","article_modified_time":"2017-03-04T10:40:25+00:00","og_image":[{"width":1717,"height":1200,"url":"https:\/\/blickfang.de\/ladenbau\/wp-content\/uploads\/sites\/7\/2016\/12\/Schwalenst\u00f6cker-und-Gantz-9.jpg","type":"image\/jpeg"}],"twitter_misc":{"Gesch\u00e4tzte Lesezeit":"7\u00a0Minuten"},"schema":{"@context":"https:\/\/schema.org","@graph":[{"@type":"WebPage","@id":"https:\/\/blickfang.de\/ladenbau\/project\/schwalli\/","url":"https:\/\/blickfang.de\/ladenbau\/project\/schwalli\/","name":"Schwalenst\u00f6cker und Gantz - Blickfang Shopkonzepte","isPartOf":{"@id":"https:\/\/blickfang.de\/ladenbau\/#website"},"primaryImageOfPage":{"@id":"https:\/\/blickfang.de\/ladenbau\/project\/schwalli\/#primaryimage"},"image":{"@id":"https:\/\/blickfang.de\/ladenbau\/project\/schwalli\/#primaryimage"},"thumbnailUrl":"https:\/\/blickfang.de\/ladenbau\/wp-content\/uploads\/sites\/7\/2016\/12\/Schwalenst\u00f6cker-und-Gantz-9.jpg","datePublished":"2016-12-08T10:18:41+00:00","dateModified":"2017-03-04T10:40:25+00:00","breadcrumb":{"@id":"https:\/\/blickfang.de\/ladenbau\/project\/schwalli\/#breadcrumb"},"inLanguage":"de","potentialAction":[{"@type":"ReadAction","target":["https:\/\/blickfang.de\/ladenbau\/project\/schwalli\/"]}]},{"@type":"ImageObject","inLanguage":"de","@id":"https:\/\/blickfang.de\/ladenbau\/project\/schwalli\/#primaryimage","url":"https:\/\/blickfang.de\/ladenbau\/wp-content\/uploads\/sites\/7\/2016\/12\/Schwalenst\u00f6cker-und-Gantz-9.jpg","contentUrl":"https:\/\/blickfang.de\/ladenbau\/wp-content\/uploads\/sites\/7\/2016\/12\/Schwalenst\u00f6cker-und-Gantz-9.jpg","width":1717,"height":1200},{"@type":"BreadcrumbList","@id":"https:\/\/blickfang.de\/ladenbau\/project\/schwalli\/#breadcrumb","itemListElement":[{"@type":"ListItem","position":1,"name":"Home","item":"https:\/\/blickfang.de\/ladenbau\/"},{"@type":"ListItem","position":2,"name":"Portfolio","item":"https:\/\/blickfang.de\/ladenbau\/project\/"},{"@type":"ListItem","position":3,"name":"Schwalenst\u00f6cker und Gantz"}]},{"@type":"WebSite","@id":"https:\/\/blickfang.de\/ladenbau\/#website","url":"https:\/\/blickfang.de\/ladenbau\/","name":"Blickfang Shopkonzepte","description":"","potentialAction":[{"@type":"SearchAction","target":{"@type":"EntryPoint","urlTemplate":"https:\/\/blickfang.de\/ladenbau\/?s={search_term_string}"},"query-input":{"@type":"PropertyValueSpecification","valueRequired":true,"valueName":"search_term_string"}}],"inLanguage":"de"}]}},"_links":{"self":[{"href":"https:\/\/blickfang.de\/ladenbau\/wp-json\/wp\/v2\/dt_portfolio\/168","targetHints":{"allow":["GET"]}}],"collection":[{"href":"https:\/\/blickfang.de\/ladenbau\/wp-json\/wp\/v2\/dt_portfolio"}],"about":[{"href":"https:\/\/blickfang.de\/ladenbau\/wp-json\/wp\/v2\/types\/dt_portfolio"}],"author":[{"embeddable":true,"href":"https:\/\/blickfang.de\/ladenbau\/wp-json\/wp\/v2\/users\/1"}],"replies":[{"embeddable":true,"href":"https:\/\/blickfang.de\/ladenbau\/wp-json\/wp\/v2\/comments?post=168"}],"version-history":[{"count":13,"href":"https:\/\/blickfang.de\/ladenbau\/wp-json\/wp\/v2\/dt_portfolio\/168\/revisions"}],"predecessor-version":[{"id":370,"href":"https:\/\/blickfang.de\/ladenbau\/wp-json\/wp\/v2\/dt_portfolio\/168\/revisions\/370"}],"wp:featuredmedia":[{"embeddable":true,"href":"https:\/\/blickfang.de\/ladenbau\/wp-json\/wp\/v2\/media\/198"}],"wp:attachment":[{"href":"https:\/\/blickfang.de\/ladenbau\/wp-json\/wp\/v2\/media?parent=168"}],"wp:term":[{"taxonomy":"dt_portfolio_category","embeddable":true,"href":"https:\/\/blickfang.de\/ladenbau\/wp-json\/wp\/v2\/dt_portfolio_category?post=168"},{"taxonomy":"dt_portfolio_tags","embeddable":true,"href":"https:\/\/blickfang.de\/ladenbau\/wp-json\/wp\/v2\/dt_portfolio_tags?post=168"}],"curies":[{"name":"wp","href":"https:\/\/api.w.org\/{rel}","templated":true}]}}