{"id":389,"date":"2014-05-12T14:34:52","date_gmt":"2014-05-12T12:34:52","guid":{"rendered":"http:\/\/blickfang.de\/?page_id=389"},"modified":"2017-04-10T12:27:40","modified_gmt":"2017-04-10T10:27:40","slug":"start","status":"publish","type":"page","link":"https:\/\/blickfang.de\/fr\/","title":{"rendered":"Des solutions int\u00e9grales pour les stands d\u2019exposition"},"content":{"rendered":"<p>[vc_row][vc_column width=&#8220;1\/4&#8243;][vc_column_text]<\/p>\n<p class=\"cus-headline-big\"><a title=\"PROFIL\" href=\"https:\/\/blickfang.de\/fr\/profil\">PROFIL<\/a><\/p>\n<p>Afin de vous garantir un service optimal et personnalis\u00e9, nos bureaux de Cologne, Stuttgart, Munich et Hambourg sont \u00e0 votre enti\u00e8re disposition.<\/p>\n<p class=\"cus-headline-text-red\"><a title=\"PROFIL\" href=\"https:\/\/blickfang.de\/fr\/profil\">Cette rubrique vous permettra de d\u00e9couvrir notre entreprise.<\/a><\/p>\n<p>[\/vc_column_text]<div class=\"gap\" style=\"line-height: 20px; height: 20px;\"><\/div>[\/vc_column][vc_column width=&#8220;1\/4&#8243;][vc_single_image image=&#8220;2992&#8243; img_size=&#8220;880&#215;580&#8243; alignment=&#8220;center&#8220; style=&#8220;vc_box_shadow&#8220; onclick=&#8220;custom_link&#8220; img_link=&#8220;&#8220; link=&#8220;https:\/\/blickfang.de\/fr\/profil&#8220;]<div class=\"gap\" style=\"line-height: 20px; height: 20px;\"><\/div>[\/vc_column][vc_column width=&#8220;1\/4&#8243;][vc_column_text]<\/p>\n<p class=\"cus-headline-big\"><a title=\"REFERENCES\" href=\"https:\/\/blickfang.de\/fr\/references\">R\u00c9F\u00c9RENCES<\/a><\/p>\n<p>Choisissez un stand parmi nos projets de taille S, M, L ou XL. Un concept individuel adapt\u00e9 \u00e0 vos besoins.<\/p>\n<p class=\"cus-headline-text-red\"><a title=\"REFERENCES\" href=\"https:\/\/blickfang.de\/fr\/references\">Consultez nos r\u00e9f\u00e9rences.<\/a><\/p>\n<p>[\/vc_column_text]<div class=\"gap\" style=\"line-height: 20px; height: 20px;\"><\/div>[\/vc_column][vc_column width=&#8220;1\/4&#8243;][vc_single_image image=&#8220;2993&#8243; img_size=&#8220;880&#215;580&#8243; alignment=&#8220;center&#8220; style=&#8220;vc_box_shadow&#8220; onclick=&#8220;custom_link&#8220; img_link=&#8220;&#8220; link=&#8220;https:\/\/blickfang.de\/fr\/references&#8220;]<div class=\"gap\" style=\"line-height: 20px; height: 20px;\"><\/div>[\/vc_column][\/vc_row][vc_row][vc_column]<div class=\"gap\" style=\"line-height: 25px; height: 25px;\"><\/div><div class=\"hr-thin style-line\" style=\"width: 100%;border-top-width: 1px;\"><\/div><div class=\"gap\" style=\"line-height: 35px; height: 35px;\"><\/div>[\/vc_column][\/vc_row][vc_row][vc_column][vc_column_text]<\/p>\n<h1>BLICKFANG Messebau\u00a0: pour une pr\u00e9sence r\u00e9ussie<\/h1>\n<p>[\/vc_column_text]<div class=\"gap\" style=\"line-height: 25px; height: 25px;\"><\/div>[\/vc_column][\/vc_row][vc_row][vc_column width=&#8220;1\/2&#8243;][vc_column_text]Vous recherchez une entreprise capable de concevoir et de r\u00e9aliser le stand id\u00e9al pour vos prochains salons\u00a0? Blickfang Messebau est votre partenaire comp\u00e9tent.<br \/>\nQuel que soit le type de salon sur lequel vous souhaiter exposer, Blickfang Messebau d\u00e9veloppe avec vous le stand qui correspond parfaitement \u00e0 votre vision en termes de message, de design et de fonctionnalit\u00e9.<\/p>\n<p>Afin de vous garantir un service optimal et personnalis\u00e9, nos bureaux de Cologne, Stuttgart, Munich et Hambourg sont \u00e0 votre enti\u00e8re disposition.<\/p>\n<p>Gr\u00e2ce \u00e0 notre savoir-faire en technique \u00e9v\u00e9nementielle, nous vous garantissons un concept r\u00e9ussi et une r\u00e9alisation parfaite de votre stand d\u2019exposition.<\/p>\n<p>Vous souhaitez \u00eatre conseill\u00e9 individuellement par un collaborateur comp\u00e9tent\u00a0? Vous voulez un concept qui r\u00e9ponde \u00e0 vos exigences jusque dans les moindres d\u00e9tails\u00a0? Vous souhaitez un design coh\u00e9rent qui mette votre entreprise en valeur\u00a0? Et vous voulez une fabrication professionnelle de A \u00e0 Z, \u00e0 la fois fiable, comp\u00e9tente et ponctuelle\u00a0? Nous avons les comp\u00e9tences pour r\u00e9pondre \u00e0 vos exigences.[\/vc_column_text]<div class=\"gap\" style=\"line-height: 10px; height: 10px;\"><\/div>[\/vc_column][vc_column width=&#8220;1\/2&#8243;][vc_column_text]Afin de pouvoir r\u00e9aliser un concept id\u00e9al pour votre stand dans la limite de votre budget tout en respectant vos exigences, Blickfang Messebau travaille en coop\u00e9ration avec une \u00e9quipe d\u2019architectes, de designers, de monteurs et de magasiniers. Notre personnel compte 40\u00a0experts sp\u00e9cialis\u00e9s dans diff\u00e9rents domaines, \u00e9paul\u00e9s en fonction des projets par des sp\u00e9cialistes ind\u00e9pendants issus de diverses disciplines.<\/p>\n<p>Atteignez vos objectifs lors des salons gr\u00e2ce \u00e0 la mise en \u0153uvre rapide et efficace de votre stand par Blickfang Messebau. Surprenez vos visiteurs en concevant \u00e0 nos c\u00f4t\u00e9s un stand \u00e9poustouflant qui incarne l\u2019image de votre entreprise. Nous vous soumettons des id\u00e9es afin d\u2019\u00e9laborer ensemble des concepts cr\u00e9atifs et des strat\u00e9gies innovantes.<\/p>\n<p>Blickfang Messebau est \u00e0 votre disposition pour vous conseiller et r\u00e9aliser vos projets dans le domaine des stands d\u2019exposition.[\/vc_column_text]<div class=\"gap\" style=\"line-height: 10px; height: 10px;\"><\/div>[\/vc_column][\/vc_row]<\/p>\n","protected":false},"excerpt":{"rendered":"<p>[vc_row][vc_column width=&#8220;1\/4&#8243;][vc_column_text] PROFIL Afin de vous garantir un service optimal et personnalis\u00e9, nos bureaux de Cologne, Stuttgart, Munich et Hambourg sont \u00e0 votre enti\u00e8re disposition. Cette rubrique vous permettra de d\u00e9couvrir notre entreprise. [\/vc_column_text][\/vc_column][vc_column width=&#8220;1\/4&#8243;][vc_single_image image=&#8220;2992&#8243; img_size=&#8220;880&#215;580&#8243; alignment=&#8220;center&#8220; style=&#8220;vc_box_shadow&#8220; onclick=&#8220;custom_link&#8220; img_link=&#8220;&#8220; link=&#8220;https:\/\/blickfang.de\/fr\/profil&#8220;][\/vc_column][vc_column width=&#8220;1\/4&#8243;][vc_column_text] R\u00c9F\u00c9RENCES Choisissez un stand parmi nos projets de taille S, M, L&hellip;<\/p>\n","protected":false},"author":1,"featured_media":0,"parent":0,"menu_order":1,"comment_status":"closed","ping_status":"closed","template":"","meta":{"cybocfi_hide_featured_image":"","footnotes":""},"class_list":["post-389","page","type-page","status-publish","hentry","description-off"],"yoast_head":"<!-- This site is optimized with the Yoast SEO plugin v25.5 - https:\/\/yoast.com\/wordpress\/plugins\/seo\/ -->\n<title>Des solutions int\u00e9grales pour les stands d\u2019exposition - FR - Blickfang Messebau GmbH<\/title>\n<meta name=\"description\" content=\"Un service int\u00e9gral, de la conception au stand final, en passant par toutes les \u00e9tapes de la r\u00e9alisation.\" \/>\n<meta name=\"robots\" content=\"index, follow, max-snippet:-1, max-image-preview:large, max-video-preview:-1\" \/>\n<link rel=\"canonical\" href=\"https:\/\/blickfang.de\/fr\/\" \/>\n<meta property=\"og:locale\" content=\"de_DE\" \/>\n<meta property=\"og:type\" content=\"article\" \/>\n<meta property=\"og:title\" content=\"Des solutions int\u00e9grales pour les stands d\u2019exposition - FR - Blickfang Messebau GmbH\" \/>\n<meta property=\"og:description\" content=\"Un service int\u00e9gral, de la conception au stand final, en passant par toutes les \u00e9tapes de la r\u00e9alisation.\" \/>\n<meta property=\"og:url\" content=\"https:\/\/blickfang.de\/fr\/\" \/>\n<meta property=\"og:site_name\" content=\"FR - Blickfang Messebau GmbH\" \/>\n<meta property=\"article:modified_time\" content=\"2017-04-10T10:27:40+00:00\" \/>\n<meta name=\"twitter:label1\" content=\"Gesch\u00e4tzte Lesezeit\" \/>\n\t<meta name=\"twitter:data1\" content=\"3\u00a0Minuten\" \/>\n<script type=\"application\/ld+json\" class=\"yoast-schema-graph\">{\"@context\":\"https:\/\/schema.org\",\"@graph\":[{\"@type\":\"WebPage\",\"@id\":\"https:\/\/blickfang.de\/fr\/\",\"url\":\"https:\/\/blickfang.de\/fr\/\",\"name\":\"Des solutions int\u00e9grales pour les stands d\u2019exposition - FR - Blickfang Messebau GmbH\",\"isPartOf\":{\"@id\":\"https:\/\/blickfang.de\/fr\/#website\"},\"datePublished\":\"2014-05-12T12:34:52+00:00\",\"dateModified\":\"2017-04-10T10:27:40+00:00\",\"description\":\"Un service int\u00e9gral, de la conception au stand final, en passant par toutes les \u00e9tapes de la r\u00e9alisation.\",\"breadcrumb\":{\"@id\":\"https:\/\/blickfang.de\/fr\/#breadcrumb\"},\"inLanguage\":\"de\",\"potentialAction\":[{\"@type\":\"ReadAction\",\"target\":[\"https:\/\/blickfang.de\/fr\/\"]}]},{\"@type\":\"BreadcrumbList\",\"@id\":\"https:\/\/blickfang.de\/fr\/#breadcrumb\",\"itemListElement\":[{\"@type\":\"ListItem\",\"position\":1,\"name\":\"Home\",\"item\":\"https:\/\/blickfang.de\/fr\/\"},{\"@type\":\"ListItem\",\"position\":2,\"name\":\"Des solutions int\u00e9grales pour les stands d\u2019exposition\"}]},{\"@type\":\"WebSite\",\"@id\":\"https:\/\/blickfang.de\/fr\/#website\",\"url\":\"https:\/\/blickfang.de\/fr\/\",\"name\":\"FR - Blickfang Messebau GmbH\",\"description\":\"\",\"potentialAction\":[{\"@type\":\"SearchAction\",\"target\":{\"@type\":\"EntryPoint\",\"urlTemplate\":\"https:\/\/blickfang.de\/fr\/?s={search_term_string}\"},\"query-input\":{\"@type\":\"PropertyValueSpecification\",\"valueRequired\":true,\"valueName\":\"search_term_string\"}}],\"inLanguage\":\"de\"}]}<\/script>\n<!-- \/ Yoast SEO plugin. -->","yoast_head_json":{"title":"Des solutions int\u00e9grales pour les stands d\u2019exposition - FR - Blickfang Messebau GmbH","description":"Un service int\u00e9gral, de la conception au stand final, en passant par toutes les \u00e9tapes de la r\u00e9alisation.","robots":{"index":"index","follow":"follow","max-snippet":"max-snippet:-1","max-image-preview":"max-image-preview:large","max-video-preview":"max-video-preview:-1"},"canonical":"https:\/\/blickfang.de\/fr\/","og_locale":"de_DE","og_type":"article","og_title":"Des solutions int\u00e9grales pour les stands d\u2019exposition - FR - Blickfang Messebau GmbH","og_description":"Un service int\u00e9gral, de la conception au stand final, en passant par toutes les \u00e9tapes de la r\u00e9alisation.","og_url":"https:\/\/blickfang.de\/fr\/","og_site_name":"FR - Blickfang Messebau GmbH","article_modified_time":"2017-04-10T10:27:40+00:00","twitter_misc":{"Gesch\u00e4tzte Lesezeit":"3\u00a0Minuten"},"schema":{"@context":"https:\/\/schema.org","@graph":[{"@type":"WebPage","@id":"https:\/\/blickfang.de\/fr\/","url":"https:\/\/blickfang.de\/fr\/","name":"Des solutions int\u00e9grales pour les stands d\u2019exposition - FR - Blickfang Messebau GmbH","isPartOf":{"@id":"https:\/\/blickfang.de\/fr\/#website"},"datePublished":"2014-05-12T12:34:52+00:00","dateModified":"2017-04-10T10:27:40+00:00","description":"Un service int\u00e9gral, de la conception au stand final, en passant par toutes les \u00e9tapes de la r\u00e9alisation.","breadcrumb":{"@id":"https:\/\/blickfang.de\/fr\/#breadcrumb"},"inLanguage":"de","potentialAction":[{"@type":"ReadAction","target":["https:\/\/blickfang.de\/fr\/"]}]},{"@type":"BreadcrumbList","@id":"https:\/\/blickfang.de\/fr\/#breadcrumb","itemListElement":[{"@type":"ListItem","position":1,"name":"Home","item":"https:\/\/blickfang.de\/fr\/"},{"@type":"ListItem","position":2,"name":"Des solutions int\u00e9grales pour les stands d\u2019exposition"}]},{"@type":"WebSite","@id":"https:\/\/blickfang.de\/fr\/#website","url":"https:\/\/blickfang.de\/fr\/","name":"FR - Blickfang Messebau GmbH","description":"","potentialAction":[{"@type":"SearchAction","target":{"@type":"EntryPoint","urlTemplate":"https:\/\/blickfang.de\/fr\/?s={search_term_string}"},"query-input":{"@type":"PropertyValueSpecification","valueRequired":true,"valueName":"search_term_string"}}],"inLanguage":"de"}]}},"_links":{"self":[{"href":"https:\/\/blickfang.de\/fr\/wp-json\/wp\/v2\/pages\/389","targetHints":{"allow":["GET"]}}],"collection":[{"href":"https:\/\/blickfang.de\/fr\/wp-json\/wp\/v2\/pages"}],"about":[{"href":"https:\/\/blickfang.de\/fr\/wp-json\/wp\/v2\/types\/page"}],"author":[{"embeddable":true,"href":"https:\/\/blickfang.de\/fr\/wp-json\/wp\/v2\/users\/1"}],"replies":[{"embeddable":true,"href":"https:\/\/blickfang.de\/fr\/wp-json\/wp\/v2\/comments?post=389"}],"version-history":[{"count":10,"href":"https:\/\/blickfang.de\/fr\/wp-json\/wp\/v2\/pages\/389\/revisions"}],"predecessor-version":[{"id":3233,"href":"https:\/\/blickfang.de\/fr\/wp-json\/wp\/v2\/pages\/389\/revisions\/3233"}],"wp:attachment":[{"href":"https:\/\/blickfang.de\/fr\/wp-json\/wp\/v2\/media?parent=389"}],"curies":[{"name":"wp","href":"https:\/\/api.w.org\/{rel}","templated":true}]}}