{"id":22,"date":"2014-05-05T15:34:06","date_gmt":"2014-05-05T13:34:06","guid":{"rendered":"http:\/\/blickfang.de\/?page_id=22"},"modified":"2025-01-15T19:31:52","modified_gmt":"2025-01-15T17:31:52","slug":"compania","status":"publish","type":"page","link":"https:\/\/blickfang.de\/es\/compania\/","title":{"rendered":"COMPA\u00d1IA"},"content":{"rendered":"<p>[vc_row][vc_column width=&#8220;1\/4&#8243;][vc_single_image image=&#8220;4442&#8243; img_size=&#8220;280&#215;420&#8243;][vc_column_text]<strong>Patrick Esser,\u00a0Colonia<\/strong>[\/vc_column_text]<div class=\"gap\" style=\"line-height: 25px; height: 25px;\"><\/div>[vc_column_text]<\/p>\n<h1 class=\"cus-ueber-uns\">\u201cLa calidad es nuestra prioridad.\u201d<\/h1>\n<p>[\/vc_column_text]<div class=\"gap\" style=\"line-height: 25px; height: 25px;\"><\/div>[vc_column_text]\u201cOfrecemos modelos pensados al detalle y dise\u00f1os concluyentes. La profesionalidad, fiabilidad y una metodolog\u00eda de trabajo dentro de los plazos establecidos suponen nuestra mayor prioridad y son la garant\u00eda de un sello de calidad \u2018Made in Germany\u2019.\u201d[\/vc_column_text]<div class=\"gap\" style=\"line-height: 25px; height: 25px;\"><\/div>[\/vc_column][vc_column width=&#8220;1\/4&#8243;][vc_raw_html]JTNDZGl2JTIwY2xhc3MlM0QlMjJ3cGJfc2luZ2xlX2ltYWdlJTIwd3BiX2NvbnRlbnRfZWxlbWVudCUyMHZjX2FsaWduX2NlbnRlciUyMiUzRSUwQSUzQ2RpdiUyMGNsYXNzJTNEJTIyd3BiX3dyYXBwZXIlMjIlM0UlMDklMDklMDklMEElM0NhJTIwY2xhc3MlM0QlMjJtYWlsJTIwdG9vbHRpcHMlMjIlMjB0aXRsZSUzRCUyMiUzQ3N0cm9uZyUzRVN0ZXBoYW4lMjBTbHV5dGVyJTNDJTJGc3Ryb25nJTNFJTNDYnIlMkYlM0VpbnRlcmxvY3V0b3IlMjBpbiUyMEhhbWJ1cmdvJTIyJTIwaHJlZiUzRCUyMm1haWx0byUzQWhoJTQwYmxpY2tmYW5nLmRlJTIyJTIwdGFyZ2V0JTNEJTIyX3RvcCUyMiUzRSUzQ2ltZyUyMGNsYXNzJTNEJTIyJTIwdmNfYm94X2JvcmRlcl9ncmV5JTIwJTIyJTIwc3JjJTNEJTIyJTJGd3AtY29udGVudCUyRnVwbG9hZHMlMkYyMDE0JTJGMDklMkZCbGlja2ZhbmctSGFtYnVyZy1HbWJIX1N0ZXBoYW4tU2x1eXRlcjEuanBnJTIyJTIwd2lkdGglM0QlMjIyODAlMjIlMjBoZWlnaHQlM0QlMjI0MjAlMjIlMjBhbHQlM0QlMjJGb3RvJTIwU3RlcGhhbiUyMFNsdXl0ZXIlMjIlMjAlMkYlM0UlM0MlMkZhJTNFJTBBJTNDJTJGZGl2JTNFJTIwJTBBJTNDJTJGZGl2JTNFJTIw[\/vc_raw_html][vc_column_text]<strong>Stephan Sluyter, Hamburgo<\/strong>[\/vc_column_text]<div class=\"gap\" style=\"line-height: 25px; height: 25px;\"><\/div>[vc_column_text]<\/p>\n<h2 class=\"cus-ueber-uns\">\u201cCada cliente es diferente, cada feria es diferente\u201d<\/h2>\n<p>[\/vc_column_text]<div class=\"gap\" style=\"line-height: 25px; height: 25px;\"><\/div>[vc_column_text]\u201cNuestros dise\u00f1adores y arquitectos desarrollan conjuntamente conceptos y estrategias creativas y personalizadas. Por una representaci\u00f3n ferial exclusiva que refleje exactamente a su empresa. En dise\u00f1o, funcionalidad y mensaje.\u201d[\/vc_column_text]<div class=\"gap\" style=\"line-height: 25px; height: 25px;\"><\/div>[\/vc_column][vc_column width=&#8220;1\/4&#8243;][vc_raw_html]JTNDZGl2JTIwY2xhc3MlM0QlMjJ3cGJfc2luZ2xlX2ltYWdlJTIwd3BiX2NvbnRlbnRfZWxlbWVudCUyMHZjX2FsaWduX2NlbnRlciUyMiUzRSUwQSUzQ2RpdiUyMGNsYXNzJTNEJTIyd3BiX3dyYXBwZXIlMjIlM0UlMDklMDklMDklMEElM0NhJTIwY2xhc3MlM0QlMjJtYWlsJTIwdG9vbHRpcHMlMjIlMjB0aXRsZSUzRCUyMiUzQ3N0cm9uZyUzRUxlbyUyMHZvbiUyMENhcHJpdmklM0MlMkZzdHJvbmclM0UlM0NiciUyRiUzRWludGVybG9jdXRvciUyMGluJTIwU3R1dHRnYXJ0JTIyJTIwaHJlZiUzRCUyMm1haWx0byUzQXN0JTQwYmxpY2tmYW5nLmRlJTIyJTIwdGFyZ2V0JTNEJTIyX3RvcCUyMiUzRSUzQ2ltZyUyMGNsYXNzJTNEJTIyJTIwdmNfYm94X2JvcmRlcl9ncmV5JTIwJTIyJTIwc3JjJTNEJTIyJTJGd3AtY29udGVudCUyRnVwbG9hZHMlMkYyMDE0JTJGMDklMkZCbGlja2ZhbmctU3R1dHRnYXJ0LUdtYkhfTGVvLXZvbi1DYXByaXZpMS5qcGclMjIlMjB3aWR0aCUzRCUyMjI4MCUyMiUyMGhlaWdodCUzRCUyMjQyMCUyMiUyMGFsdCUzRCUyMkZvdG8lMjBMZW8lMjB2b24lMjBDYXByaXZpJTIyJTIwJTJGJTNFJTNDJTJGYSUzRSUwQSUzQyUyRmRpdiUzRSUyMCUwQSUzQyUyRmRpdiUzRSUyMA==[\/vc_raw_html][vc_column_text]<strong>Leo von Caprivi,\u00a0Stuttgart<\/strong>[\/vc_column_text]<div class=\"gap\" style=\"line-height: 25px; height: 25px;\"><\/div>[vc_column_text]<\/p>\n<h2 class=\"cus-ueber-uns\">\u201cPara Blickfang, sostenibilidad y eficiencia se escriben con may\u00fascula.\u201d<\/h2>\n<p>[\/vc_column_text]<div class=\"gap\" style=\"line-height: 25px; height: 25px;\"><\/div>[vc_column_text]\u201cAhorre en presupuestos y recursos con conceptos de stands personalizados y modulares. Somos su contacto profesional y estamos siempre a su disposici\u00f3n.\u201d[\/vc_column_text]<div class=\"gap\" style=\"line-height: 25px; height: 25px;\"><\/div>[\/vc_column][vc_column width=&#8220;1\/4&#8243;][vc_raw_html]JTNDZGl2JTIwY2xhc3MlM0QlMjJ3cGJfc2luZ2xlX2ltYWdlJTIwd3BiX2NvbnRlbnRfZWxlbWVudCUyMHZjX2FsaWduX2NlbnRlciUyMiUzRSUwQSUzQ2RpdiUyMGNsYXNzJTNEJTIyd3BiX3dyYXBwZXIlMjIlM0UlMDklMDklMDklMEElM0NhJTIwY2xhc3MlM0QlMjJtYWlsJTIwdG9vbHRpcHMlMjIlMjB0aXRsZSUzRCUyMiUzQ3N0cm9uZyUzRU1hcmt1cyUyMEdhbGxlJTNDJTJGc3Ryb25nJTNFJTNDYnIlMkYlM0VpbnRlcmxvY3V0b3IlMjBpbiUyME11bmljaCUyMiUyMGhyZWYlM0QlMjJtYWlsdG8lM0FtZyU0MGJsaWNrZmFuZy5kZSUyMiUyMHRhcmdldCUzRCUyMl90b3AlMjIlM0UlM0NpbWclMjBjbGFzcyUzRCUyMiUyMHZjX2JveF9ib3JkZXJfZ3JleSUyMCUyMiUyMHNyYyUzRCUyMiUyRndwLWNvbnRlbnQlMkZ1cGxvYWRzJTJGMjAxNCUyRjA5JTJGQmxpY2tmYW5nLU0lQzMlQkNuY2hlbl9NYXJrdXMtR2FsbGUuanBnJTIyJTIwd2lkdGglM0QlMjIyODAlMjIlMjBoZWlnaHQlM0QlMjI0MjAlMjIlMjBhbHQlM0QlMjJGb3RvJTIwTWFya3VzJTIwR2FsbGUlMjIlMjAlMkYlM0UlM0MlMkZhJTNFJTBBJTNDJTJGZGl2JTNFJTIwJTBBJTNDJTJGZGl2JTNFJTIw[\/vc_raw_html][vc_column_text]<strong>Markus Galle,\u00a0M\u00fanich<\/strong>[\/vc_column_text]<div class=\"gap\" style=\"line-height: 25px; height: 25px;\"><\/div>[vc_column_text]<\/p>\n<h2 class=\"cus-ueber-uns\">\u201cPersonalizaci\u00f3n, creatividad y pasi\u00f3n.\u201d<\/h2>\n<p>[\/vc_column_text]<div class=\"gap\" style=\"line-height: 25px; height: 25px;\"><\/div>[vc_column_text]\u201cCreamos y llevamos a cabo conceptos de espacios poco comunes para ferias y eventos. Le escuchamos y realizamos soluciones integrales y hechas a la medida de sus necesidades. La coordinaci\u00f3n transparente y permanente con nuestros clientes es la base de nuestra pasi\u00f3n, desde el desarrollo arquitect\u00f3nico hasta la realizaci\u00f3n.\u201d[\/vc_column_text]<div class=\"gap\" style=\"line-height: 25px; height: 25px;\"><\/div>[\/vc_column][\/vc_row][vc_row][vc_column]<div class=\"gap\" style=\"line-height: 25px; height: 25px;\"><\/div><div class=\"hr-thin style-line\" style=\"width: 100%;border-top-width: 1px;\"><\/div><div class=\"gap\" style=\"line-height: 35px; height: 35px;\"><\/div>[\/vc_column][\/vc_row][vc_row][vc_column width=&#8220;1\/2&#8243;][vc_column_text]<\/p>\n<h3>COMPA\u00d1IA<\/h3>\n<p>[\/vc_column_text]<div class=\"gap\" style=\"line-height: 20px; height: 20px;\"><\/div>[vc_column_text]Nuestras oficinas de Colonia, Stuttgart, M\u00fanich y Hamburgo est\u00e1n siempre a su disposici\u00f3n para ofrecer un servicio perfecto y personalizado a nivel local.<br \/>\nBlickfang Messebau y un equipo de arquitectos, dise\u00f1adores, carpinteros, almacenistas y montadores ofrece el resultado perfecto. Empleamos a 40 expertos de diferentes especializaciones, que cuentan con el apoyo de aut\u00f3nomos, seg\u00fan sea necesario para cada proyecto, de las disciplinas m\u00e1s diversas.<\/p>\n<p>Dise\u00f1e una \u201ctarjeta de visita\u201d propia en el recinto ferial y sorprenda a sus clientes. Damos impulso y buscamos conceptos creativos y estrategias a su lado. Blickfang Messebau es una empresa proveedora de consultor\u00eda profesional y mano de obra del sector del montaje de ferias.[\/vc_column_text]<div class=\"gap\" style=\"line-height: 40px; height: 40px;\"><\/div>[\/vc_column][vc_column width=&#8220;1\/2&#8243;][vc_column_text]<\/p>\n<h3>\u00bfPor qu\u00e9 Blickfang?<\/h3>\n<p>[\/vc_column_text]<div class=\"gap\" style=\"line-height: 20px; height: 20px;\"><\/div>[vc_column_text]<\/p>\n<ul>\n<li>Servicio completo: desde los modelos y la planificaci\u00f3n, hasta el montaje y desmontaje<\/li>\n<li>Almacenamiento de componentes de sistemas convencionales propios del cliente en almacenes con estantes elevados<\/li>\n<li>Gran disponibilidad de servicio y flexibilidad<\/li>\n<li>Creaci\u00f3n de ofertas detalladas con precios individuales<\/li>\n<li>Cercan\u00eda a los clientes con centros en Hamburgo, Colonia, Stuttgart y M\u00fanich<\/li>\n<li>M\u00e1s de 20 a\u00f1os en el sector de las ferias<\/li>\n<li>Gesti\u00f3n de encargos a nivel nacional, europeo e internacional<\/li>\n<li>Superficie total de talleres, oficinas, pabellones de almacenes y carpinter\u00eda de aprox. 8500m\u00b2<\/li>\n<li>Carpinter\u00eda y taller de pintura propios<\/li>\n<\/ul>\n<p>Blickfang Messebau GmbH es una empresa de servicio completo en el sector del dise\u00f1o y concepto de ferias.[\/vc_column_text]<div class=\"gap\" style=\"line-height: 20px; height: 20px;\"><\/div>[\/vc_column][\/vc_row][vc_row][vc_column]<div class=\"gap\" style=\"line-height: 20px; height: 20px;\"><\/div>[rev_slider_vc alias=&#8220;company&#8220;]<div class=\"gap\" style=\"line-height: 20px; height: 20px;\"><\/div>[\/vc_column][\/vc_row]<\/p>\n","protected":false},"excerpt":{"rendered":"<p>[vc_row][vc_column width=&#8220;1\/4&#8243;][vc_single_image image=&#8220;4442&#8243; img_size=&#8220;280&#215;420&#8243;][vc_column_text]Patrick Esser,\u00a0Colonia[\/vc_column_text][vc_column_text] \u201cLa calidad es nuestra prioridad.\u201d [\/vc_column_text][vc_column_text]\u201cOfrecemos modelos pensados al detalle y dise\u00f1os concluyentes. La profesionalidad, fiabilidad y una metodolog\u00eda de trabajo dentro de los plazos establecidos suponen nuestra mayor prioridad y son la garant\u00eda de un sello de calidad \u2018Made in Germany\u2019.\u201d[\/vc_column_text][\/vc_column][vc_column width=&#8220;1\/4&#8243;][vc_raw_html]JTNDZGl2JTIwY2xhc3MlM0QlMjJ3cGJfc2luZ2xlX2ltYWdlJTIwd3BiX2NvbnRlbnRfZWxlbWVudCUyMHZjX2FsaWduX2NlbnRlciUyMiUzRSUwQSUzQ2RpdiUyMGNsYXNzJTNEJTIyd3BiX3dyYXBwZXIlMjIlM0UlMDklMDklMDklMEElM0NhJTIwY2xhc3MlM0QlMjJtYWlsJTIwdG9vbHRpcHMlMjIlMjB0aXRsZSUzRCUyMiUzQ3N0cm9uZyUzRVN0ZXBoYW4lMjBTbHV5dGVyJTNDJTJGc3Ryb25nJTNFJTNDYnIlMkYlM0VpbnRlcmxvY3V0b3IlMjBpbiUyMEhhbWJ1cmdvJTIyJTIwaHJlZiUzRCUyMm1haWx0byUzQWhoJTQwYmxpY2tmYW5nLmRlJTIyJTIwdGFyZ2V0JTNEJTIyX3RvcCUyMiUzRSUzQ2ltZyUyMGNsYXNzJTNEJTIyJTIwdmNfYm94X2JvcmRlcl9ncmV5JTIwJTIyJTIwc3JjJTNEJTIyJTJGd3AtY29udGVudCUyRnVwbG9hZHMlMkYyMDE0JTJGMDklMkZCbGlja2ZhbmctSGFtYnVyZy1HbWJIX1N0ZXBoYW4tU2x1eXRlcjEuanBnJTIyJTIwd2lkdGglM0QlMjIyODAlMjIlMjBoZWlnaHQlM0QlMjI0MjAlMjIlMjBhbHQlM0QlMjJGb3RvJTIwU3RlcGhhbiUyMFNsdXl0ZXIlMjIlMjAlMkYlM0UlM0MlMkZhJTNFJTBBJTNDJTJGZGl2JTNFJTIwJTBBJTNDJTJGZGl2JTNFJTIw[\/vc_raw_html][vc_column_text]Stephan Sluyter, Hamburgo[\/vc_column_text][vc_column_text] \u201cCada cliente es diferente, cada&hellip;<\/p>\n","protected":false},"author":1,"featured_media":0,"parent":0,"menu_order":2,"comment_status":"closed","ping_status":"closed","template":"","meta":{"cybocfi_hide_featured_image":"","footnotes":""},"class_list":["post-22","page","type-page","status-publish","hentry","description-off"],"yoast_head":"<!-- This site is optimized with the Yoast SEO plugin v25.5 - https:\/\/yoast.com\/wordpress\/plugins\/seo\/ -->\n<title>COMPA\u00d1IA - ES - Blickfang Messebau GmbH<\/title>\n<meta name=\"description\" content=\"Servicio completo: desde el concepto para la feria, pasando por la planificaci\u00f3n de modelos hasta llegar al stand final.\" \/>\n<meta name=\"robots\" content=\"index, follow, max-snippet:-1, max-image-preview:large, max-video-preview:-1\" \/>\n<link rel=\"canonical\" href=\"https:\/\/blickfang.de\/es\/compania\/\" \/>\n<meta property=\"og:locale\" content=\"de_DE\" \/>\n<meta property=\"og:type\" content=\"article\" \/>\n<meta property=\"og:title\" content=\"COMPA\u00d1IA - ES - Blickfang Messebau GmbH\" \/>\n<meta property=\"og:description\" content=\"Servicio completo: desde el concepto para la feria, pasando por la planificaci\u00f3n de modelos hasta llegar al stand final.\" \/>\n<meta property=\"og:url\" content=\"https:\/\/blickfang.de\/es\/compania\/\" \/>\n<meta property=\"og:site_name\" content=\"ES - Blickfang Messebau GmbH\" \/>\n<meta property=\"article:modified_time\" content=\"2025-01-15T17:31:52+00:00\" \/>\n<meta name=\"twitter:label1\" content=\"Gesch\u00e4tzte Lesezeit\" \/>\n\t<meta name=\"twitter:data1\" content=\"3\u00a0Minuten\" \/>\n<script type=\"application\/ld+json\" class=\"yoast-schema-graph\">{\"@context\":\"https:\/\/schema.org\",\"@graph\":[{\"@type\":\"WebPage\",\"@id\":\"https:\/\/blickfang.de\/es\/compania\/\",\"url\":\"https:\/\/blickfang.de\/es\/compania\/\",\"name\":\"COMPA\u00d1IA - ES - Blickfang Messebau GmbH\",\"isPartOf\":{\"@id\":\"https:\/\/blickfang.de\/es\/#website\"},\"datePublished\":\"2014-05-05T13:34:06+00:00\",\"dateModified\":\"2025-01-15T17:31:52+00:00\",\"description\":\"Servicio completo: desde el concepto para la feria, pasando por la planificaci\u00f3n de modelos hasta llegar al stand final.\",\"breadcrumb\":{\"@id\":\"https:\/\/blickfang.de\/es\/compania\/#breadcrumb\"},\"inLanguage\":\"de\",\"potentialAction\":[{\"@type\":\"ReadAction\",\"target\":[\"https:\/\/blickfang.de\/es\/compania\/\"]}]},{\"@type\":\"BreadcrumbList\",\"@id\":\"https:\/\/blickfang.de\/es\/compania\/#breadcrumb\",\"itemListElement\":[{\"@type\":\"ListItem\",\"position\":1,\"name\":\"Home\",\"item\":\"https:\/\/blickfang.de\/es\/\"},{\"@type\":\"ListItem\",\"position\":2,\"name\":\"COMPA\u00d1IA\"}]},{\"@type\":\"WebSite\",\"@id\":\"https:\/\/blickfang.de\/es\/#website\",\"url\":\"https:\/\/blickfang.de\/es\/\",\"name\":\"ES - Blickfang Messebau GmbH\",\"description\":\"\",\"potentialAction\":[{\"@type\":\"SearchAction\",\"target\":{\"@type\":\"EntryPoint\",\"urlTemplate\":\"https:\/\/blickfang.de\/es\/?s={search_term_string}\"},\"query-input\":{\"@type\":\"PropertyValueSpecification\",\"valueRequired\":true,\"valueName\":\"search_term_string\"}}],\"inLanguage\":\"de\"}]}<\/script>\n<!-- \/ Yoast SEO plugin. -->","yoast_head_json":{"title":"COMPA\u00d1IA - ES - Blickfang Messebau GmbH","description":"Servicio completo: desde el concepto para la feria, pasando por la planificaci\u00f3n de modelos hasta llegar al stand final.","robots":{"index":"index","follow":"follow","max-snippet":"max-snippet:-1","max-image-preview":"max-image-preview:large","max-video-preview":"max-video-preview:-1"},"canonical":"https:\/\/blickfang.de\/es\/compania\/","og_locale":"de_DE","og_type":"article","og_title":"COMPA\u00d1IA - ES - Blickfang Messebau GmbH","og_description":"Servicio completo: desde el concepto para la feria, pasando por la planificaci\u00f3n de modelos hasta llegar al stand final.","og_url":"https:\/\/blickfang.de\/es\/compania\/","og_site_name":"ES - Blickfang Messebau GmbH","article_modified_time":"2025-01-15T17:31:52+00:00","twitter_misc":{"Gesch\u00e4tzte Lesezeit":"3\u00a0Minuten"},"schema":{"@context":"https:\/\/schema.org","@graph":[{"@type":"WebPage","@id":"https:\/\/blickfang.de\/es\/compania\/","url":"https:\/\/blickfang.de\/es\/compania\/","name":"COMPA\u00d1IA - ES - Blickfang Messebau GmbH","isPartOf":{"@id":"https:\/\/blickfang.de\/es\/#website"},"datePublished":"2014-05-05T13:34:06+00:00","dateModified":"2025-01-15T17:31:52+00:00","description":"Servicio completo: desde el concepto para la feria, pasando por la planificaci\u00f3n de modelos hasta llegar al stand final.","breadcrumb":{"@id":"https:\/\/blickfang.de\/es\/compania\/#breadcrumb"},"inLanguage":"de","potentialAction":[{"@type":"ReadAction","target":["https:\/\/blickfang.de\/es\/compania\/"]}]},{"@type":"BreadcrumbList","@id":"https:\/\/blickfang.de\/es\/compania\/#breadcrumb","itemListElement":[{"@type":"ListItem","position":1,"name":"Home","item":"https:\/\/blickfang.de\/es\/"},{"@type":"ListItem","position":2,"name":"COMPA\u00d1IA"}]},{"@type":"WebSite","@id":"https:\/\/blickfang.de\/es\/#website","url":"https:\/\/blickfang.de\/es\/","name":"ES - Blickfang Messebau GmbH","description":"","potentialAction":[{"@type":"SearchAction","target":{"@type":"EntryPoint","urlTemplate":"https:\/\/blickfang.de\/es\/?s={search_term_string}"},"query-input":{"@type":"PropertyValueSpecification","valueRequired":true,"valueName":"search_term_string"}}],"inLanguage":"de"}]}},"_links":{"self":[{"href":"https:\/\/blickfang.de\/es\/wp-json\/wp\/v2\/pages\/22","targetHints":{"allow":["GET"]}}],"collection":[{"href":"https:\/\/blickfang.de\/es\/wp-json\/wp\/v2\/pages"}],"about":[{"href":"https:\/\/blickfang.de\/es\/wp-json\/wp\/v2\/types\/page"}],"author":[{"embeddable":true,"href":"https:\/\/blickfang.de\/es\/wp-json\/wp\/v2\/users\/1"}],"replies":[{"embeddable":true,"href":"https:\/\/blickfang.de\/es\/wp-json\/wp\/v2\/comments?post=22"}],"version-history":[{"count":9,"href":"https:\/\/blickfang.de\/es\/wp-json\/wp\/v2\/pages\/22\/revisions"}],"predecessor-version":[{"id":4444,"href":"https:\/\/blickfang.de\/es\/wp-json\/wp\/v2\/pages\/22\/revisions\/4444"}],"wp:attachment":[{"href":"https:\/\/blickfang.de\/es\/wp-json\/wp\/v2\/media?parent=22"}],"curies":[{"name":"wp","href":"https:\/\/api.w.org\/{rel}","templated":true}]}}